{"id":287,"date":"2021-04-21T06:00:10","date_gmt":"2021-04-21T06:00:10","guid":{"rendered":"https:\/\/www.epscon.mx\/test2021\/?page_id=287"},"modified":"2021-05-05T05:28:01","modified_gmt":"2021-05-05T05:28:01","slug":"noticias","status":"publish","type":"page","link":"https:\/\/www.epscon.mx\/en\/noticias\/","title":{"rendered":"News"},"content":{"rendered":"<div data-elementor-type=\"wp-page\" data-elementor-id=\"287\" class=\"elementor elementor-287\">\n\t\t\t\t\t\t<section class=\"elementor-section elementor-top-section elementor-element elementor-element-17f25b6 elementor-section-content-middle elementor-section-boxed elementor-section-height-default elementor-section-height-default\" data-id=\"17f25b6\" data-element_type=\"section\" data-e-type=\"section\">\n\t\t\t\t\t\t<div class=\"elementor-container elementor-column-gap-default\">\n\t\t\t\t\t<div class=\"elementor-column elementor-col-50 elementor-top-column elementor-element elementor-element-ccaf766\" data-id=\"ccaf766\" data-element_type=\"column\" data-e-type=\"column\">\n\t\t\t<div class=\"elementor-widget-wrap elementor-element-populated\">\n\t\t\t\t\t\t<div class=\"elementor-element elementor-element-385e279 elementor-widget elementor-widget-text-editor\" data-id=\"385e279\" data-element_type=\"widget\" data-e-type=\"widget\" data-widget_type=\"text-editor.default\">\n\t\t\t\t<div class=\"elementor-widget-container\">\n\t\t\t\t\t\t\t\t\t<p><span style=\"font-weight: 400;\"><span style=\"color:#1bb133;\">Subscribe<\/span> and be the first to know about the latest news&nbsp;<\/span><\/p>\t\t\t\t\t\t\t\t<\/div>\n\t\t\t\t<\/div>\n\t\t\t\t\t<\/div>\n\t\t<\/div>\n\t\t\t\t<div class=\"elementor-column elementor-col-50 elementor-top-column elementor-element elementor-element-39a2d1c\" data-id=\"39a2d1c\" data-element_type=\"column\" data-e-type=\"column\">\n\t\t\t<div class=\"elementor-widget-wrap elementor-element-populated\">\n\t\t\t\t\t\t<div class=\"elementor-element elementor-element-387b727 elementor-widget elementor-widget-text-editor\" data-id=\"387b727\" data-element_type=\"widget\" data-e-type=\"widget\" data-widget_type=\"text-editor.default\">\n\t\t\t\t<div class=\"elementor-widget-container\">\n\t\t\t\t\t\t\t\t\t<p>\n<div class=\"wpcf7 no-js\" id=\"wpcf7-f151-o1\" lang=\"es-MX\" dir=\"ltr\" data-wpcf7-id=\"151\">\n<div class=\"screen-reader-response\"><p role=\"status\" aria-live=\"polite\" aria-atomic=\"true\"><\/p> <ul><\/ul><\/div>\n<form action=\"\/en\/wp-json\/wp\/v2\/pages\/287#wpcf7-f151-o1\" method=\"post\" class=\"wpcf7-form init\" aria-label=\"Formulario de contacto\" novalidate=\"novalidate\" data-status=\"init\" data-trp-original-action=\"\/en\/wp-json\/wp\/v2\/pages\/287#wpcf7-f151-o1\">\n<fieldset class=\"hidden-fields-container\"><input type=\"hidden\" name=\"_wpcf7\" value=\"151\" \/><input type=\"hidden\" name=\"_wpcf7_version\" value=\"6.1.5\" \/><input type=\"hidden\" name=\"_wpcf7_locale\" value=\"es_MX\" \/><input type=\"hidden\" name=\"_wpcf7_unit_tag\" value=\"wpcf7-f151-o1\" \/><input type=\"hidden\" name=\"_wpcf7_container_post\" value=\"0\" \/><input type=\"hidden\" name=\"_wpcf7_posted_data_hash\" value=\"\" \/>\n<\/fieldset>\n<p><span class=\"wpcf7-form-control-wrap\" data-name=\"correo\"><input size=\"40\" maxlength=\"400\" class=\"wpcf7-form-control wpcf7-email wpcf7-validates-as-required wpcf7-text wpcf7-validates-as-email form-control-news\" aria-required=\"true\" aria-invalid=\"false\" placeholder=\"E-mail\" value=\"\" type=\"email\" name=\"correo\" \/><\/span><br \/>\n<input class=\"wpcf7-form-control wpcf7-submit has-spinner btn-form-news\" type=\"submit\" value=\"Suscr\u00edbete\" \/>\n<\/p><div class=\"wpcf7-response-output\" aria-hidden=\"true\"><\/div>\n<input type=\"hidden\" name=\"trp-form-language\" value=\"en\"\/><\/form>\n<\/div>\n<\/p>\t\t\t\t\t\t\t\t<\/div>\n\t\t\t\t<\/div>\n\t\t\t\t\t<\/div>\n\t\t<\/div>\n\t\t\t\t\t<\/div>\n\t\t<\/section>\n\t\t\t\t<section class=\"elementor-section elementor-top-section elementor-element elementor-element-17587d3 elementor-section-boxed elementor-section-height-default elementor-section-height-default\" data-id=\"17587d3\" data-element_type=\"section\" data-e-type=\"section\">\n\t\t\t\t\t\t<div class=\"elementor-container elementor-column-gap-default\">\n\t\t\t\t\t<div class=\"elementor-column elementor-col-100 elementor-top-column elementor-element elementor-element-5ef0b02\" data-id=\"5ef0b02\" data-element_type=\"column\" data-e-type=\"column\">\n\t\t\t<div class=\"elementor-widget-wrap elementor-element-populated\">\n\t\t\t\t\t\t<div class=\"elementor-element elementor-element-f512688 elementor-widget elementor-widget-the7_elements\" data-id=\"f512688\" data-element_type=\"widget\" data-e-type=\"widget\" data-widget_type=\"the7_elements.default\">\n\t\t\t\t<div class=\"elementor-widget-container\">\n\t\t\t\t\t<div class=\"portfolio-shortcode the7-elementor-widget the7_elements-f512688 mode-masonry classic-layout-list description-under-image quick-scale-img content-bg-on resize-by-browser-width loading-effect-none jquery-filter\" data-padding=\"30px\" data-mobile-columns-num=\"1\" data-tablet-columns-num=\"2\" data-desktop-columns-num=\"2\" data-wide-desktop-columns-num=\"2\" data-post-limit=\"-1\" data-pagination-mode=\"none\" data-scroll-offset=\"\" aria-live=\"assertive\"><div class=\"iso-container dt-isotope custom-iso-columns\"><div class=\"visible wf-cell iso-item\" data-post-id=\"1151\" data-date=\"2025-02-19T17:38:12+00:00\" data-name=\"Federico Muci\u00f1o: L\u00f3gica econ\u00f3mica contra l\u00f3gica pol\u00edtica en energ\u00eda\"><article class=\"post visible no-img post-1151 type-post status-publish format-standard hentry category-sin-categoria category-1 description-off\" data-name=\"Federico Muci\u00f1o: L\u00f3gica econ\u00f3mica contra l\u00f3gica pol\u00edtica en energ\u00eda\" data-date=\"2025-02-19T17:38:12+00:00\">\n\n<div class=\"post-entry-content\">\n\n\t<h3 class=\"ele-entry-title\"><a href=\"https:\/\/www.epscon.mx\/en\/federico-mucino-logica-economica-contra-logica-politica-en-energia-2\/\" rel=\"bookmark\" title=\"Federico Muci\u00f1o: L\u00f3gica econ\u00f3mica contra l\u00f3gica pol\u00edtica en energ\u00eda\">Federico Muci\u00f1o: L\u00f3gica econ\u00f3mica contra l\u00f3gica pol\u00edtica en energ\u00eda<\/a><\/h3><div class=\"entry-meta\"><a href=\"https:\/\/www.epscon.mx\/en\/2025\/02\/19\/\" title=\"5:38 pm\" class=\"meta-item data-link\" rel=\"bookmark\"><time class=\"entry-date updated\" datetime=\"2025-02-19T17:38:12+00:00\">19 February, 2025<\/time><\/a><\/div><div class=\"entry-excerpt\"><p>Inicia 2025 con algunos de los retos econ\u00f3micos m\u00e1s importantes para M\u00e9xico en la historia reciente. Estados Unidos quien es a la vez vecino, primer socio comercial de M\u00e9xico y la mayor econom\u00eda del mundo, inicia el segundo mandato de Donald Trump entre amagos, amenazas y condicionamientos. Por otro lado, el fen\u00f3meno conocido como&nbsp;nearshoring, derivado&hellip;<\/p>\n<\/div><a href=\"https:\/\/www.epscon.mx\/en\/federico-mucino-logica-economica-contra-logica-politica-en-energia-2\/\" target=\"\" aria-label=\"Read more about Federico Muci\u00f1o: L\u00f3gica econ\u00f3mica contra l\u00f3gica pol\u00edtica en energ\u00eda\" class=\"box-button elementor-button elementor-size-xs\">Leer m\u00e1s<\/a>\n<\/div><\/article><\/div><div class=\"visible wf-cell iso-item\" data-post-id=\"1149\" data-date=\"2025-02-05T17:37:20+00:00\" data-name=\"Federico Muci\u00f1o: Iniciativa de Ley del sector el\u00e9ctrico\"><article class=\"post visible no-img post-1149 type-post status-publish format-standard hentry category-sin-categoria category-1 description-off\" data-name=\"Federico Muci\u00f1o: Iniciativa de Ley del sector el\u00e9ctrico\" data-date=\"2025-02-05T17:37:20+00:00\">\n\n<div class=\"post-entry-content\">\n\n\t<h3 class=\"ele-entry-title\"><a href=\"https:\/\/www.epscon.mx\/en\/federico-mucino-iniciativa-de-ley-del-sector-electrico\/\" rel=\"bookmark\" title=\"Federico Muci\u00f1o: Iniciativa de Ley del sector el\u00e9ctrico\">Federico Muci\u00f1o: Iniciativa de Ley del sector el\u00e9ctrico<\/a><\/h3><div class=\"entry-meta\"><a href=\"https:\/\/www.epscon.mx\/en\/2025\/02\/05\/\" title=\"5:37 pm\" class=\"meta-item data-link\" rel=\"bookmark\"><time class=\"entry-date updated\" datetime=\"2025-02-05T17:37:20+00:00\">5 February, 2025<\/time><\/a><\/div><div class=\"entry-excerpt\"><p>El 5 de febrero de 2025, el Ejecutivo Federal present\u00f3 una iniciativa de ley destinada a reformar el sector el\u00e9ctrico de M\u00e9xico tras varios a\u00f1os de inestabilidad y cambios continuos. La Administraci\u00f3n actual empieza mostrar sus cartas tras algunos meses de especulaci\u00f3n respecto de si continuar\u00eda la intransigencia y la cerraz\u00f3n a la iniciativa privada&hellip;<\/p>\n<\/div><a href=\"https:\/\/www.epscon.mx\/en\/federico-mucino-iniciativa-de-ley-del-sector-electrico\/\" target=\"\" aria-label=\"Read more about Federico Muci\u00f1o: Iniciativa de Ley del sector el\u00e9ctrico\" class=\"box-button elementor-button elementor-size-xs\">Leer m\u00e1s<\/a>\n<\/div><\/article><\/div><div class=\"visible wf-cell iso-item\" data-post-id=\"1132\" data-date=\"2025-01-24T17:28:36+00:00\" data-name=\"Roberto Mercado: 2024 arrancamos\"><article class=\"post visible no-img post-1132 type-post status-publish format-standard hentry category-noticias category-4 description-off\" data-name=\"Roberto Mercado: 2024 arrancamos\" data-date=\"2025-01-24T17:28:36+00:00\">\n\n<div class=\"post-entry-content\">\n\n\t<h3 class=\"ele-entry-title\"><a href=\"https:\/\/www.epscon.mx\/en\/roberto-mercado-2024-arrancamos\/\" rel=\"bookmark\" title=\"Roberto Mercado: 2024 arrancamos\">Roberto Mercado: 2024 arrancamos<\/a><\/h3><div class=\"entry-meta\"><a href=\"https:\/\/www.epscon.mx\/en\/2025\/01\/24\/\" title=\"5:28 pm\" class=\"meta-item data-link\" rel=\"bookmark\"><time class=\"entry-date updated\" datetime=\"2025-01-24T17:28:36+00:00\">24 January, 2025<\/time><\/a><\/div><div class=\"entry-excerpt\"><p>Iniciamos un a\u00f1o en el que habr\u00e1 elecciones para el cambio o continuidad de: gobierno Federal, gobiernos Estatales, gobiernos Municipales, diputados y senadores. Por lo que es un a\u00f1o muy importante para todos los mexicanos en todos los aspectos: constitucional, salud, seguridad, finanzas, energ\u00eda, educaci\u00f3n, etc. Por otra parte, \u00bfqu\u00e9 podemos esperar para este a\u00f1o&hellip;<\/p>\n<\/div><a href=\"https:\/\/www.epscon.mx\/en\/roberto-mercado-2024-arrancamos\/\" target=\"\" aria-label=\"Read more about Roberto Mercado: 2024 arrancamos\" class=\"box-button elementor-button elementor-size-xs\">Leer m\u00e1s<\/a>\n<\/div><\/article><\/div><div class=\"visible wf-cell iso-item\" data-post-id=\"1147\" data-date=\"2025-01-23T17:36:38+00:00\" data-name=\"Federico Muci\u00f1o: L\u00f3gica econ\u00f3mica contra l\u00f3gica pol\u00edtica en energ\u00eda\"><article class=\"post visible no-img post-1147 type-post status-publish format-standard hentry category-sin-categoria category-1 description-off\" data-name=\"Federico Muci\u00f1o: L\u00f3gica econ\u00f3mica contra l\u00f3gica pol\u00edtica en energ\u00eda\" data-date=\"2025-01-23T17:36:38+00:00\">\n\n<div class=\"post-entry-content\">\n\n\t<h3 class=\"ele-entry-title\"><a href=\"https:\/\/www.epscon.mx\/en\/federico-mucino-logica-economica-contra-logica-politica-en-energia\/\" rel=\"bookmark\" title=\"Federico Muci\u00f1o: L\u00f3gica econ\u00f3mica contra l\u00f3gica pol\u00edtica en energ\u00eda\">Federico Muci\u00f1o: L\u00f3gica econ\u00f3mica contra l\u00f3gica pol\u00edtica en energ\u00eda<\/a><\/h3><div class=\"entry-meta\"><a href=\"https:\/\/www.epscon.mx\/en\/2025\/01\/23\/\" title=\"5:36 pm\" class=\"meta-item data-link\" rel=\"bookmark\"><time class=\"entry-date updated\" datetime=\"2025-01-23T17:36:38+00:00\">23 January, 2025<\/time><\/a><\/div><div class=\"entry-excerpt\"><p>Inicia 2025 con algunos de los retos econ\u00f3micos m\u00e1s importantes para M\u00e9xico en la historia reciente. Estados Unidos quien es a la vez vecino, primer socio comercial de M\u00e9xico y la mayor econom\u00eda del mundo, inicia el segundo mandato de Donald Trump entre amagos, amenazas y condicionamientos. Por otro lado, el fen\u00f3meno conocido como&nbsp;nearshoring, derivado&hellip;<\/p>\n<\/div><a href=\"https:\/\/www.epscon.mx\/en\/federico-mucino-logica-economica-contra-logica-politica-en-energia\/\" target=\"\" aria-label=\"Read more about Federico Muci\u00f1o: L\u00f3gica econ\u00f3mica contra l\u00f3gica pol\u00edtica en energ\u00eda\" class=\"box-button elementor-button elementor-size-xs\">Leer m\u00e1s<\/a>\n<\/div><\/article><\/div><div class=\"visible wf-cell iso-item\" data-post-id=\"1145\" data-date=\"2024-11-28T17:35:55+00:00\" data-name=\"Roberto Mercado: Plan Nacional de Energ\u00eda\"><article class=\"post visible no-img post-1145 type-post status-publish format-standard hentry category-sin-categoria category-1 description-off\" data-name=\"Roberto Mercado: Plan Nacional de Energ\u00eda\" data-date=\"2024-11-28T17:35:55+00:00\">\n\n<div class=\"post-entry-content\">\n\n\t<h3 class=\"ele-entry-title\"><a href=\"https:\/\/www.epscon.mx\/en\/roberto-mercado-plan-nacional-de-energia\/\" rel=\"bookmark\" title=\"Roberto Mercado: Plan Nacional de Energ\u00eda\">Roberto Mercado: Plan Nacional de Energ\u00eda<\/a><\/h3><div class=\"entry-meta\"><a href=\"https:\/\/www.epscon.mx\/en\/2024\/11\/28\/\" title=\"5:35 pm\" class=\"meta-item data-link\" rel=\"bookmark\"><time class=\"entry-date updated\" datetime=\"2024-11-28T17:35:55+00:00\">28 November, 2024<\/time><\/a><\/div><div class=\"entry-excerpt\"><p>Este mes la Secretaria de Energ\u00eda Luz Elena Gonz\u00e1lez Escobar present\u00f3 la Estrategia Nacional del Sector El\u00e9ctrico como parte del Plan Nacional de Energ\u00eda. En todos los sectores del pa\u00eds existe incertidumbre debido a los cambios constitucionales que la anterior y actual administraci\u00f3n est\u00e1n proponiendo e implementando, y el sector el\u00e9ctrico no es la excepci\u00f3n.&hellip;<\/p>\n<\/div><a href=\"https:\/\/www.epscon.mx\/en\/roberto-mercado-plan-nacional-de-energia\/\" target=\"\" aria-label=\"Read more about Roberto Mercado: Plan Nacional de Energ\u00eda\" class=\"box-button elementor-button elementor-size-xs\">Leer m\u00e1s<\/a>\n<\/div><\/article><\/div><div class=\"visible wf-cell iso-item\" data-post-id=\"1143\" data-date=\"2024-09-30T17:34:35+00:00\" data-name=\"Roberto Mercado: La Era Sheinbaum \u201c\u00bfM\u00e1s de lo Mismo o Alg\u00fan Cambio?\"><article class=\"post visible no-img post-1143 type-post status-publish format-standard hentry category-sin-categoria category-1 description-off\" data-name=\"Roberto Mercado: La Era Sheinbaum \u201c\u00bfM\u00e1s de lo Mismo o Alg\u00fan Cambio?\" data-date=\"2024-09-30T17:34:35+00:00\">\n\n<div class=\"post-entry-content\">\n\n\t<h3 class=\"ele-entry-title\"><a href=\"https:\/\/www.epscon.mx\/en\/roberto-mercado-la-era-sheinbaum-mas-de-lo-mismo-o-algun-cambio\/\" rel=\"bookmark\" title=\"Roberto Mercado: La Era Sheinbaum \u201c\u00bfM\u00e1s de lo Mismo o Alg\u00fan Cambio?\">Roberto Mercado: La Era Sheinbaum \u201c\u00bfM\u00e1s de lo Mismo o Alg\u00fan Cambio?<\/a><\/h3><div class=\"entry-meta\"><a href=\"https:\/\/www.epscon.mx\/en\/2024\/09\/30\/\" title=\"5:34 pm\" class=\"meta-item data-link\" rel=\"bookmark\"><time class=\"entry-date updated\" datetime=\"2024-09-30T17:34:35+00:00\">30 September, 2024<\/time><\/a><\/div><div class=\"entry-excerpt\"><p>Con la llegada de una nueva Presidente a M\u00e9xico, Claudia Sheinbaum Pardo, existe incertidumbre sobre c\u00f3mo se desenvolver\u00e1 en su nuevo rol. La causa de esto es, que todo indica que la Dra. Sheinbaum actuar\u00e1 bajo la l\u00ednea trazada por el Presidente saliente L\u00f3pez Obrador; sin embargo, parte de la poblaci\u00f3n mexicana mantiene la esperanza&hellip;<\/p>\n<\/div><a href=\"https:\/\/www.epscon.mx\/en\/roberto-mercado-la-era-sheinbaum-mas-de-lo-mismo-o-algun-cambio\/\" target=\"\" aria-label=\"Read more about Roberto Mercado: La Era Sheinbaum \u201c\u00bfM\u00e1s de lo Mismo o Alg\u00fan Cambio?\" class=\"box-button elementor-button elementor-size-xs\">Leer m\u00e1s<\/a>\n<\/div><\/article><\/div><div class=\"visible wf-cell iso-item\" data-post-id=\"1141\" data-date=\"2024-08-24T17:33:43+00:00\" data-name=\"Federico Muci\u00f1o: Punto de inflexi\u00f3n para energ\u00edas renovables\"><article class=\"post visible no-img post-1141 type-post status-publish format-standard hentry category-sin-categoria category-1 description-off\" data-name=\"Federico Muci\u00f1o: Punto de inflexi\u00f3n para energ\u00edas renovables\" data-date=\"2024-08-24T17:33:43+00:00\">\n\n<div class=\"post-entry-content\">\n\n\t<h3 class=\"ele-entry-title\"><a href=\"https:\/\/www.epscon.mx\/en\/federico-mucino-punto-de-inflexion-para-energias-renovables\/\" rel=\"bookmark\" title=\"Federico Muci\u00f1o: Punto de inflexi\u00f3n para energ\u00edas renovables\">Federico Muci\u00f1o: Punto de inflexi\u00f3n para energ\u00edas renovables<\/a><\/h3><div class=\"entry-meta\"><a href=\"https:\/\/www.epscon.mx\/en\/2024\/08\/24\/\" title=\"5:33 pm\" class=\"meta-item data-link\" rel=\"bookmark\"><time class=\"entry-date updated\" datetime=\"2024-08-24T17:33:43+00:00\">24 August, 2024<\/time><\/a><\/div><div class=\"entry-excerpt\"><p>Mucho se habl\u00f3 durante las campa\u00f1as presidenciales sobre la transici\u00f3n energ\u00e9tica. Ambas candidatas mencionaron que las energ\u00edas renovables y el combate al cambio clim\u00e1tico ser\u00edan temas prioritarios durante su gobierno. El concepto de energ\u00edas renovables es en general bien percibido por los electores y evoca en la mayor\u00eda de los casos sentimientos positivos, por lo&hellip;<\/p>\n<\/div><a href=\"https:\/\/www.epscon.mx\/en\/federico-mucino-punto-de-inflexion-para-energias-renovables\/\" target=\"\" aria-label=\"Read more about Federico Muci\u00f1o: Punto de inflexi\u00f3n para energ\u00edas renovables\" class=\"box-button elementor-button elementor-size-xs\">Leer m\u00e1s<\/a>\n<\/div><\/article><\/div><div class=\"visible wf-cell iso-item\" data-post-id=\"1139\" data-date=\"2024-06-07T17:32:37+00:00\" data-name=\"Roberto Mercado: Temporada de calor\u2026 \u00bfy de apagones?\"><article class=\"post visible no-img post-1139 type-post status-publish format-standard hentry category-sin-categoria category-1 description-off\" data-name=\"Roberto Mercado: Temporada de calor\u2026 \u00bfy de apagones?\" data-date=\"2024-06-07T17:32:37+00:00\">\n\n<div class=\"post-entry-content\">\n\n\t<h3 class=\"ele-entry-title\"><a href=\"https:\/\/www.epscon.mx\/en\/roberto-mercado-temporada-de-calor-y-de-apagones\/\" rel=\"bookmark\" title=\"Roberto Mercado: Temporada de calor\u2026 \u00bfy de apagones?\">Roberto Mercado: Temporada de calor\u2026 \u00bfy de apagones?<\/a><\/h3><div class=\"entry-meta\"><a href=\"https:\/\/www.epscon.mx\/en\/2024\/06\/07\/\" title=\"5:32 pm\" class=\"meta-item data-link\" rel=\"bookmark\"><time class=\"entry-date updated\" datetime=\"2024-06-07T17:32:37+00:00\">7 June, 2024<\/time><\/a><\/div><div class=\"entry-excerpt\"><p>En la planeaci\u00f3n del Sistema El\u00e9ctrico Nacional (SEN) se considera el incremento esperado de la demanda de energ\u00eda a\u00f1o con a\u00f1o. Sin embargo, en la pr\u00e1ctica no se han tomado las acciones necesarias para que estos aumentos sean tolerados por el SEN. Prueba de esto ha sido los apagones que hemos evidenciado recientemente, debido a&hellip;<\/p>\n<\/div><a href=\"https:\/\/www.epscon.mx\/en\/roberto-mercado-temporada-de-calor-y-de-apagones\/\" target=\"\" aria-label=\"Read more about Roberto Mercado: Temporada de calor\u2026 \u00bfy de apagones?\" class=\"box-button elementor-button elementor-size-xs\">Leer m\u00e1s<\/a>\n<\/div><\/article><\/div><div class=\"visible wf-cell iso-item\" data-post-id=\"1137\" data-date=\"2024-03-07T17:31:36+00:00\" data-name=\"Roberto Mercado: \u00bfEs el SEN el m\u00e1s beneficiado por el cambio en el FP aplicado por CFE?\"><article class=\"post visible no-img post-1137 type-post status-publish format-standard hentry category-sin-categoria category-1 description-off\" data-name=\"Roberto Mercado: \u00bfEs el SEN el m\u00e1s beneficiado por el cambio en el FP aplicado por CFE?\" data-date=\"2024-03-07T17:31:36+00:00\">\n\n<div class=\"post-entry-content\">\n\n\t<h3 class=\"ele-entry-title\"><a href=\"https:\/\/www.epscon.mx\/en\/roberto-mercado-es-el-sen-el-mas-beneficiado-por-el-cambio-en-el-fp-aplicado-por-cfe\/\" rel=\"bookmark\" title=\"Roberto Mercado: \u00bfEs el SEN el m\u00e1s beneficiado por el cambio en el FP aplicado por CFE?\">Roberto Mercado: \u00bfEs el SEN el m\u00e1s beneficiado por el cambio en el FP aplicado por CFE?<\/a><\/h3><div class=\"entry-meta\"><a href=\"https:\/\/www.epscon.mx\/en\/2024\/03\/07\/\" title=\"5:31 pm\" class=\"meta-item data-link\" rel=\"bookmark\"><time class=\"entry-date updated\" datetime=\"2024-03-07T17:31:36+00:00\">7 March, 2024<\/time><\/a><\/div><div class=\"entry-excerpt\"><p>Ya pasaron dos periodos de facturaci\u00f3n en los que CFE Suministrador de Servicios B\u00e1sicos (CFE SSB) aplic\u00f3 el cambio en la manera en que bonifica o penaliza por Factor de Potencia (FP) a clientes con tarifas el\u00e9ctricas industriales. Este ajuste ha resultado en un incremento en los costos de electricidad, independientemente de si una empresa&hellip;<\/p>\n<\/div><a href=\"https:\/\/www.epscon.mx\/en\/roberto-mercado-es-el-sen-el-mas-beneficiado-por-el-cambio-en-el-fp-aplicado-por-cfe\/\" target=\"\" aria-label=\"Read more about Roberto Mercado: \u00bfEs el SEN el m\u00e1s beneficiado por el cambio en el FP aplicado por CFE?\" class=\"box-button elementor-button elementor-size-xs\">Leer m\u00e1s<\/a>\n<\/div><\/article><\/div><div class=\"visible wf-cell iso-item\" data-post-id=\"1135\" data-date=\"2024-02-07T17:30:23+00:00\" data-name=\"Federico Muci\u00f1o: Errores de fondo en cobros de CFE a empresas\"><article class=\"post visible no-img post-1135 type-post status-publish format-standard hentry category-sin-categoria category-1 description-off\" data-name=\"Federico Muci\u00f1o: Errores de fondo en cobros de CFE a empresas\" data-date=\"2024-02-07T17:30:23+00:00\">\n\n<div class=\"post-entry-content\">\n\n\t<h3 class=\"ele-entry-title\"><a href=\"https:\/\/www.epscon.mx\/en\/feb-2024-federico-mucino-errores-de-fondo-en-cobros-de-cfe-a-empresas\/\" rel=\"bookmark\" title=\"Federico Muci\u00f1o: Errores de fondo en cobros de CFE a empresas\">Federico Muci\u00f1o: Errores de fondo en cobros de CFE a empresas<\/a><\/h3><div class=\"entry-meta\"><a href=\"https:\/\/www.epscon.mx\/en\/2024\/02\/07\/\" title=\"5:30 pm\" class=\"meta-item data-link\" rel=\"bookmark\"><time class=\"entry-date updated\" datetime=\"2024-02-07T17:30:23+00:00\">7 February, 2024<\/time><\/a><\/div><div class=\"entry-excerpt\"><p>A partir del recibo de enero 2024 las empresas est\u00e1n pagando m\u00e1s en sus facturas de energ\u00eda el\u00e9ctrica de CFE, en adici\u00f3n a los incrementos mensuales en la tarifa. La raz\u00f3n de esto es que CFE est\u00e1 aplicando un ajuste en la f\u00f3rmula de cargo y bonificaci\u00f3n por factor de potencia (FP), que para los&hellip;<\/p>\n<\/div><a href=\"https:\/\/www.epscon.mx\/en\/feb-2024-federico-mucino-errores-de-fondo-en-cobros-de-cfe-a-empresas\/\" target=\"\" aria-label=\"Read more about Federico Muci\u00f1o: Errores de fondo en cobros de CFE a empresas\" class=\"box-button elementor-button elementor-size-xs\">Leer m\u00e1s<\/a>\n<\/div><\/article><\/div><div class=\"visible wf-cell iso-item\" data-post-id=\"978\" data-date=\"2022-09-23T09:35:20+00:00\" data-name=\"Roberto Mercado: Que esperar de las tarifas CFE por lo que resta del a\u00f1o\"><article class=\"post visible post-978 type-post status-publish format-standard has-post-thumbnail hentry category-noticias category-4 description-off\" data-name=\"Roberto Mercado: Que esperar de las tarifas CFE por lo que resta del a\u00f1o\" data-date=\"2022-09-23T09:35:20+00:00\">\n\n\t<div class=\"post-thumbnail-wrap\">\n\t\t<div class=\"post-thumbnail\">\n\n\t\t\t<a class=\"post-thumbnail-rollover layzr-bg img-css-resize-wrapper\" aria-label=\"Post image\" href=\"https:\/\/www.epscon.mx\/en\/roberto-mercado-que-esperar-de-las-tarifas-cfe-por-lo-que-resta-del-ano\/\"><img fetchpriority=\"high\" decoding=\"async\" width=\"1920\" height=\"1080\" src=\"data:image\/svg+xml,%3Csvg%20xmlns%3D&#039;http%3A%2F%2Fwww.w3.org%2F2000%2Fsvg&#039;%20viewBox%3D&#039;0%200%201920%201080&#039;%2F%3E\" class=\"attachment-full size-full preload-me aspect lazy lazy-load\" alt=\"\" sizes=\"(max-width: 1920px) 100vw, 1920px\" style=\"--ratio: 1920 \/ 1080;\" data-src=\"https:\/\/www.epscon.mx\/wp-content\/uploads\/2022\/09\/220927_Tarifas-electricas-1.png\" loading=\"eager\" data-srcset=\"https:\/\/www.epscon.mx\/wp-content\/uploads\/2022\/09\/220927_Tarifas-electricas-1.png 1920w, https:\/\/www.epscon.mx\/wp-content\/uploads\/2022\/09\/220927_Tarifas-electricas-1-300x169.png 300w, https:\/\/www.epscon.mx\/wp-content\/uploads\/2022\/09\/220927_Tarifas-electricas-1-1024x576.png 1024w, https:\/\/www.epscon.mx\/wp-content\/uploads\/2022\/09\/220927_Tarifas-electricas-1-768x432.png 768w, https:\/\/www.epscon.mx\/wp-content\/uploads\/2022\/09\/220927_Tarifas-electricas-1-1536x864.png 1536w, https:\/\/www.epscon.mx\/wp-content\/uploads\/2022\/09\/220927_Tarifas-electricas-1-18x10.png 18w\" \/><\/a>\n\t\t<\/div>\n\t<\/div>\n\n\n<div class=\"post-entry-content\">\n\n\t<h3 class=\"ele-entry-title\"><a href=\"https:\/\/www.epscon.mx\/en\/roberto-mercado-que-esperar-de-las-tarifas-cfe-por-lo-que-resta-del-ano\/\" rel=\"bookmark\" title=\"Roberto Mercado: Que esperar de las tarifas CFE por lo que resta del a\u00f1o\">Roberto Mercado: Que esperar de las tarifas CFE por lo que resta del a\u00f1o<\/a><\/h3><div class=\"entry-meta\"><a href=\"https:\/\/www.epscon.mx\/en\/2022\/09\/23\/\" title=\"9:35 am\" class=\"meta-item data-link\" rel=\"bookmark\"><time class=\"entry-date updated\" datetime=\"2022-09-23T09:35:20+00:00\">23 September, 2022<\/time><\/a><\/div><div class=\"entry-excerpt\"><p>Roberto Mercado: Que esperar de las tarifas CFE por lo que resta del a\u00f1o Desde el 2019, las cuotas de CFE Suministrador de Servicios B\u00e1sicos se han mantenido en precios altos. . Las tarifas el\u00e9ctricas de CFE Suministrador de Servicios B\u00e1sicos (CFE SSB) son las tarifas referencia para todos los usuarios del pa\u00eds. Las empresas&hellip;<\/p>\n<\/div><a href=\"https:\/\/www.epscon.mx\/en\/roberto-mercado-que-esperar-de-las-tarifas-cfe-por-lo-que-resta-del-ano\/\" target=\"\" aria-label=\"Read more about Roberto Mercado: Que esperar de las tarifas CFE por lo que resta del a\u00f1o\" class=\"box-button elementor-button elementor-size-xs\">Leer m\u00e1s<\/a>\n<\/div><\/article><\/div><div class=\"visible wf-cell iso-item\" data-post-id=\"965\" data-date=\"2022-08-24T08:00:13+00:00\" data-name=\"Roberto Mercado: Los \u00faltimos 5 a\u00f1os en el Sector El\u00e9ctrico en M\u00e9xico\"><article class=\"post visible post-965 type-post status-publish format-standard has-post-thumbnail hentry category-noticias category-4 description-off\" data-name=\"Roberto Mercado: Los \u00faltimos 5 a\u00f1os en el Sector El\u00e9ctrico en M\u00e9xico\" data-date=\"2022-08-24T08:00:13+00:00\">\n\n\t<div class=\"post-thumbnail-wrap\">\n\t\t<div class=\"post-thumbnail\">\n\n\t\t\t<a class=\"post-thumbnail-rollover layzr-bg img-css-resize-wrapper\" aria-label=\"Post image\" href=\"https:\/\/www.epscon.mx\/en\/roberto-mercado-los-ultimos-5-anos-en-el-sector-electrico-en-mexico\/\"><img decoding=\"async\" width=\"1920\" height=\"1080\" src=\"data:image\/svg+xml,%3Csvg%20xmlns%3D&#039;http%3A%2F%2Fwww.w3.org%2F2000%2Fsvg&#039;%20viewBox%3D&#039;0%200%201920%201080&#039;%2F%3E\" class=\"attachment-full size-full preload-me aspect lazy lazy-load\" alt=\"\" sizes=\"(max-width: 1920px) 100vw, 1920px\" style=\"--ratio: 1920 \/ 1080;\" data-src=\"https:\/\/www.epscon.mx\/wp-content\/uploads\/2022\/09\/220927_Industria-electrica-1.png\" loading=\"eager\" data-srcset=\"https:\/\/www.epscon.mx\/wp-content\/uploads\/2022\/09\/220927_Industria-electrica-1.png 1920w, https:\/\/www.epscon.mx\/wp-content\/uploads\/2022\/09\/220927_Industria-electrica-1-300x169.png 300w, https:\/\/www.epscon.mx\/wp-content\/uploads\/2022\/09\/220927_Industria-electrica-1-1024x576.png 1024w, https:\/\/www.epscon.mx\/wp-content\/uploads\/2022\/09\/220927_Industria-electrica-1-768x432.png 768w, https:\/\/www.epscon.mx\/wp-content\/uploads\/2022\/09\/220927_Industria-electrica-1-1536x864.png 1536w, https:\/\/www.epscon.mx\/wp-content\/uploads\/2022\/09\/220927_Industria-electrica-1-18x10.png 18w\" \/><\/a>\n\t\t<\/div>\n\t<\/div>\n\n\n<div class=\"post-entry-content\">\n\n\t<h3 class=\"ele-entry-title\"><a href=\"https:\/\/www.epscon.mx\/en\/roberto-mercado-los-ultimos-5-anos-en-el-sector-electrico-en-mexico\/\" rel=\"bookmark\" title=\"Roberto Mercado: Los \u00faltimos 5 a\u00f1os en el Sector El\u00e9ctrico en M\u00e9xico\">Roberto Mercado: Los \u00faltimos 5 a\u00f1os en el Sector El\u00e9ctrico en M\u00e9xico<\/a><\/h3><div class=\"entry-meta\"><a href=\"https:\/\/www.epscon.mx\/en\/2022\/08\/24\/\" title=\"8:00 am\" class=\"meta-item data-link\" rel=\"bookmark\"><time class=\"entry-date updated\" datetime=\"2022-08-24T08:00:13+00:00\">24 August, 2022<\/time><\/a><\/div><div class=\"entry-excerpt\"><p>Roberto Mercado: Los \u00faltimos 5 a\u00f1os en el Sector El\u00e9ctrico en M\u00e9xico Para la mayor\u00eda de las empresas el suministro m\u00e1s competitivo al que pod\u00edan acceder era el Autoabastecimiento. . En el 2016 arranca operaciones el Mercado El\u00e9ctrico Mayorista (MEM) en M\u00e9xico, pero fue un a\u00f1o despu\u00e9s que se empezaron a ver algunas ofertas de&hellip;<\/p>\n<\/div><a href=\"https:\/\/www.epscon.mx\/en\/roberto-mercado-los-ultimos-5-anos-en-el-sector-electrico-en-mexico\/\" target=\"\" aria-label=\"Read more about Roberto Mercado: Los \u00faltimos 5 a\u00f1os en el Sector El\u00e9ctrico en M\u00e9xico\" class=\"box-button elementor-button elementor-size-xs\">Leer m\u00e1s<\/a>\n<\/div><\/article><\/div><div class=\"visible wf-cell iso-item\" data-post-id=\"948\" data-date=\"2022-07-19T06:50:00+00:00\" data-name=\"Roberto Mercado: El Autoabastecimiento y la contradicci\u00f3n del Gobierno\"><article class=\"post visible post-948 type-post status-publish format-standard has-post-thumbnail hentry category-noticias category-4 description-off\" data-name=\"Roberto Mercado: El Autoabastecimiento y la contradicci\u00f3n del Gobierno\" data-date=\"2022-07-19T06:50:00+00:00\">\n\n\t<div class=\"post-thumbnail-wrap\">\n\t\t<div class=\"post-thumbnail\">\n\n\t\t\t<a class=\"post-thumbnail-rollover layzr-bg img-css-resize-wrapper\" aria-label=\"Post image\" href=\"https:\/\/www.epscon.mx\/en\/roberto-mercado-el-autoabastecimiento-y-la-contradiccion-del-gobierno\/\"><img decoding=\"async\" width=\"1920\" height=\"1282\" src=\"data:image\/svg+xml,%3Csvg%20xmlns%3D&#039;http%3A%2F%2Fwww.w3.org%2F2000%2Fsvg&#039;%20viewBox%3D&#039;0%200%201920%201282&#039;%2F%3E\" class=\"attachment-full size-full preload-me aspect lazy lazy-load\" alt=\"\" sizes=\"(max-width: 1920px) 100vw, 1920px\" style=\"--ratio: 1920 \/ 1282;\" data-src=\"https:\/\/www.epscon.mx\/wp-content\/uploads\/2022\/08\/220719_El-Autoabastecimiento-y-la-contradiccion-del-Gobierno.jpg\" loading=\"eager\" data-srcset=\"https:\/\/www.epscon.mx\/wp-content\/uploads\/2022\/08\/220719_El-Autoabastecimiento-y-la-contradiccion-del-Gobierno.jpg 1920w, https:\/\/www.epscon.mx\/wp-content\/uploads\/2022\/08\/220719_El-Autoabastecimiento-y-la-contradiccion-del-Gobierno-300x200.jpg 300w, https:\/\/www.epscon.mx\/wp-content\/uploads\/2022\/08\/220719_El-Autoabastecimiento-y-la-contradiccion-del-Gobierno-1024x684.jpg 1024w, https:\/\/www.epscon.mx\/wp-content\/uploads\/2022\/08\/220719_El-Autoabastecimiento-y-la-contradiccion-del-Gobierno-768x513.jpg 768w, https:\/\/www.epscon.mx\/wp-content\/uploads\/2022\/08\/220719_El-Autoabastecimiento-y-la-contradiccion-del-Gobierno-1536x1026.jpg 1536w, https:\/\/www.epscon.mx\/wp-content\/uploads\/2022\/08\/220719_El-Autoabastecimiento-y-la-contradiccion-del-Gobierno-16x12.jpg 16w\" \/><\/a>\n\t\t<\/div>\n\t<\/div>\n\n\n<div class=\"post-entry-content\">\n\n\t<h3 class=\"ele-entry-title\"><a href=\"https:\/\/www.epscon.mx\/en\/roberto-mercado-el-autoabastecimiento-y-la-contradiccion-del-gobierno\/\" rel=\"bookmark\" title=\"Roberto Mercado: El Autoabastecimiento y la contradicci\u00f3n del Gobierno\">Roberto Mercado: El Autoabastecimiento y la contradicci\u00f3n del Gobierno<\/a><\/h3><div class=\"entry-meta\"><a href=\"https:\/\/www.epscon.mx\/en\/2022\/07\/19\/\" title=\"6:50 am\" class=\"meta-item data-link\" rel=\"bookmark\"><time class=\"entry-date updated\" datetime=\"2022-07-19T06:50:00+00:00\">19 July, 2022<\/time><\/a><\/div><div class=\"entry-excerpt\"><p>Roberto Mercado: El Autoabastecimiento y la contradicci\u00f3n del Gobierno Para el Presidente y quienes lo apoyan, el Autoabastecimiento es un esquema fraudulento e ilegal de compra de energ\u00eda el\u00e9ctrica . El esquema de compra de energ\u00eda el\u00e9ctrica de Autoabastecimiento, fue el primer paso en M\u00e9xico para la liberaci\u00f3n del mercado el\u00e9ctrico. Como muchos sabr\u00e1n, antes&hellip;<\/p>\n<\/div><a href=\"https:\/\/www.epscon.mx\/en\/roberto-mercado-el-autoabastecimiento-y-la-contradiccion-del-gobierno\/\" target=\"\" aria-label=\"Read more about Roberto Mercado: El Autoabastecimiento y la contradicci\u00f3n del Gobierno\" class=\"box-button elementor-button elementor-size-xs\">Leer m\u00e1s<\/a>\n<\/div><\/article><\/div><div class=\"visible wf-cell iso-item\" data-post-id=\"936\" data-date=\"2022-07-01T06:39:00+00:00\" data-name=\"Federico Muci\u00f1o: Temporada de apagones y excusas\"><article class=\"post visible post-936 type-post status-publish format-standard has-post-thumbnail hentry category-noticias category-4 description-off\" data-name=\"Federico Muci\u00f1o: Temporada de apagones y excusas\" data-date=\"2022-07-01T06:39:00+00:00\">\n\n\t<div class=\"post-thumbnail-wrap\">\n\t\t<div class=\"post-thumbnail\">\n\n\t\t\t<a class=\"post-thumbnail-rollover layzr-bg img-css-resize-wrapper\" aria-label=\"Post image\" href=\"https:\/\/www.epscon.mx\/en\/federico-mucino-temporada-de-apagones-y-excusas\/\"><img decoding=\"async\" width=\"1920\" height=\"1085\" src=\"data:image\/svg+xml,%3Csvg%20xmlns%3D&#039;http%3A%2F%2Fwww.w3.org%2F2000%2Fsvg&#039;%20viewBox%3D&#039;0%200%201920%201085&#039;%2F%3E\" class=\"attachment-full size-full preload-me aspect lazy lazy-load\" alt=\"\" sizes=\"(max-width: 1920px) 100vw, 1920px\" style=\"--ratio: 1920 \/ 1085;\" data-src=\"https:\/\/www.epscon.mx\/wp-content\/uploads\/2022\/08\/220701_Temporada-de-apagones-y-excusas.jpg\" loading=\"eager\" data-srcset=\"https:\/\/www.epscon.mx\/wp-content\/uploads\/2022\/08\/220701_Temporada-de-apagones-y-excusas.jpg 1920w, https:\/\/www.epscon.mx\/wp-content\/uploads\/2022\/08\/220701_Temporada-de-apagones-y-excusas-300x170.jpg 300w, https:\/\/www.epscon.mx\/wp-content\/uploads\/2022\/08\/220701_Temporada-de-apagones-y-excusas-1024x579.jpg 1024w, https:\/\/www.epscon.mx\/wp-content\/uploads\/2022\/08\/220701_Temporada-de-apagones-y-excusas-768x434.jpg 768w, https:\/\/www.epscon.mx\/wp-content\/uploads\/2022\/08\/220701_Temporada-de-apagones-y-excusas-1536x868.jpg 1536w, https:\/\/www.epscon.mx\/wp-content\/uploads\/2022\/08\/220701_Temporada-de-apagones-y-excusas-16x9.jpg 16w\" \/><\/a>\n\t\t<\/div>\n\t<\/div>\n\n\n<div class=\"post-entry-content\">\n\n\t<h3 class=\"ele-entry-title\"><a href=\"https:\/\/www.epscon.mx\/en\/federico-mucino-temporada-de-apagones-y-excusas\/\" rel=\"bookmark\" title=\"Federico Muci\u00f1o: Temporada de apagones y excusas\">Federico Muci\u00f1o: Temporada de apagones y excusas<\/a><\/h3><div class=\"entry-meta\"><a href=\"https:\/\/www.epscon.mx\/en\/2022\/07\/01\/\" title=\"6:39 am\" class=\"meta-item data-link\" rel=\"bookmark\"><time class=\"entry-date updated\" datetime=\"2022-07-01T06:39:00+00:00\">1 July, 2022<\/time><\/a><\/div><div class=\"entry-excerpt\"><p>Federico Muci\u00f1o: Temporada de apagones y excusas La energ\u00eda se tiene que entregar precisamente en el instante en el que es demandada, ya que de lo contrario los equipos se da\u00f1an o se apagan . En M\u00e9xico, la temporada de verano es la de mayor consumo de energ\u00eda el\u00e9ctrica. Debido a que la temperatura ambiente&hellip;<\/p>\n<\/div><a href=\"https:\/\/www.epscon.mx\/en\/federico-mucino-temporada-de-apagones-y-excusas\/\" target=\"\" aria-label=\"Read more about Federico Muci\u00f1o: Temporada de apagones y excusas\" class=\"box-button elementor-button elementor-size-xs\">Leer m\u00e1s<\/a>\n<\/div><\/article><\/div><div class=\"visible wf-cell iso-item\" data-post-id=\"937\" data-date=\"2022-06-08T08:15:00+00:00\" data-name=\"Roberto Mercado: \u2018Electrocuta\u2019 a empresas rezago el\u00e9ctrico\"><article class=\"post visible post-937 type-post status-publish format-standard has-post-thumbnail hentry category-noticias category-4 description-off\" data-name=\"Roberto Mercado: \u2018Electrocuta\u2019 a empresas rezago el\u00e9ctrico\" data-date=\"2022-06-08T08:15:00+00:00\">\n\n\t<div class=\"post-thumbnail-wrap\">\n\t\t<div class=\"post-thumbnail\">\n\n\t\t\t<a class=\"post-thumbnail-rollover layzr-bg img-css-resize-wrapper\" aria-label=\"Post image\" href=\"https:\/\/www.epscon.mx\/en\/roberto-mercado-electrocuta-a-empresas-rezago-electrico\/\"><img decoding=\"async\" width=\"960\" height=\"640\" src=\"data:image\/svg+xml,%3Csvg%20xmlns%3D&#039;http%3A%2F%2Fwww.w3.org%2F2000%2Fsvg&#039;%20viewBox%3D&#039;0%200%20960%20640&#039;%2F%3E\" class=\"attachment-full size-full preload-me aspect lazy lazy-load\" alt=\"\" sizes=\"(max-width: 960px) 100vw, 960px\" style=\"--ratio: 960 \/ 640;\" data-src=\"https:\/\/www.epscon.mx\/wp-content\/uploads\/2022\/08\/220608_Electrocuta-a-empresas-rezago-electrico.jpg\" loading=\"eager\" data-srcset=\"https:\/\/www.epscon.mx\/wp-content\/uploads\/2022\/08\/220608_Electrocuta-a-empresas-rezago-electrico.jpg 960w, https:\/\/www.epscon.mx\/wp-content\/uploads\/2022\/08\/220608_Electrocuta-a-empresas-rezago-electrico-300x200.jpg 300w, https:\/\/www.epscon.mx\/wp-content\/uploads\/2022\/08\/220608_Electrocuta-a-empresas-rezago-electrico-768x512.jpg 768w, https:\/\/www.epscon.mx\/wp-content\/uploads\/2022\/08\/220608_Electrocuta-a-empresas-rezago-electrico-16x12.jpg 16w\" \/><\/a>\n\t\t<\/div>\n\t<\/div>\n\n\n<div class=\"post-entry-content\">\n\n\t<h3 class=\"ele-entry-title\"><a href=\"https:\/\/www.epscon.mx\/en\/roberto-mercado-electrocuta-a-empresas-rezago-electrico\/\" rel=\"bookmark\" title=\"Roberto Mercado: \u2018Electrocuta\u2019 a empresas rezago el\u00e9ctrico\">Roberto Mercado: \u2018Electrocuta\u2019 a empresas rezago el\u00e9ctrico<\/a><\/h3><div class=\"entry-meta\"><a href=\"https:\/\/www.epscon.mx\/en\/2022\/06\/08\/\" title=\"8:15 am\" class=\"meta-item data-link\" rel=\"bookmark\"><time class=\"entry-date updated\" datetime=\"2022-06-08T08:15:00+00:00\">8 June, 2022<\/time><\/a><\/div><div class=\"entry-excerpt\"><p>Roberto Mercado: \u2018Electrocuta\u2019 a empresas rezago el\u00e9ctrico La situaci\u00f3n actual del sector el\u00e9ctrico merece mucha atenci\u00f3n por parte de este Gobierno . El pasado 31 de mayo fue publicado por la Secretar\u00eda de Energ\u00eda el Programa para el Desarrollo del Sistema El\u00e9ctrico Nacional 2022-2036 (Prodesen). En este documento se presenta la planeaci\u00f3n anual del Sistema&hellip;<\/p>\n<\/div><a href=\"https:\/\/www.epscon.mx\/en\/roberto-mercado-electrocuta-a-empresas-rezago-electrico\/\" target=\"\" aria-label=\"Read more about Roberto Mercado: \u2018Electrocuta\u2019 a empresas rezago el\u00e9ctrico\" class=\"box-button elementor-button elementor-size-xs\">Leer m\u00e1s<\/a>\n<\/div><\/article><\/div><div class=\"visible wf-cell iso-item\" data-post-id=\"933\" data-date=\"2022-05-20T08:25:00+00:00\" data-name=\"Federico Muci\u00f1o: Autoabastecimiento el\u00e9ctrico - la cacer\u00eda de brujas\"><article class=\"post visible post-933 type-post status-publish format-standard has-post-thumbnail hentry category-noticias category-4 description-off\" data-name=\"Federico Muci\u00f1o: Autoabastecimiento el\u00e9ctrico &#8211; la cacer\u00eda de brujas\" data-date=\"2022-05-20T08:25:00+00:00\">\n\n\t<div class=\"post-thumbnail-wrap\">\n\t\t<div class=\"post-thumbnail\">\n\n\t\t\t<a class=\"post-thumbnail-rollover layzr-bg img-css-resize-wrapper\" aria-label=\"Post image\" href=\"https:\/\/www.epscon.mx\/en\/federico-mucino-autoabastecimiento-electrico-la-caceria-de-brujas\/\"><img decoding=\"async\" width=\"960\" height=\"640\" src=\"data:image\/svg+xml,%3Csvg%20xmlns%3D&#039;http%3A%2F%2Fwww.w3.org%2F2000%2Fsvg&#039;%20viewBox%3D&#039;0%200%20960%20640&#039;%2F%3E\" class=\"attachment-full size-full preload-me aspect lazy lazy-load\" alt=\"\" sizes=\"(max-width: 960px) 100vw, 960px\" style=\"--ratio: 960 \/ 640;\" data-src=\"https:\/\/www.epscon.mx\/wp-content\/uploads\/2022\/08\/220520_Autoabastecimiento-electrico-la-caceria-de-las-brujas.jpg\" loading=\"eager\" data-srcset=\"https:\/\/www.epscon.mx\/wp-content\/uploads\/2022\/08\/220520_Autoabastecimiento-electrico-la-caceria-de-las-brujas.jpg 960w, https:\/\/www.epscon.mx\/wp-content\/uploads\/2022\/08\/220520_Autoabastecimiento-electrico-la-caceria-de-las-brujas-300x200.jpg 300w, https:\/\/www.epscon.mx\/wp-content\/uploads\/2022\/08\/220520_Autoabastecimiento-electrico-la-caceria-de-las-brujas-768x512.jpg 768w, https:\/\/www.epscon.mx\/wp-content\/uploads\/2022\/08\/220520_Autoabastecimiento-electrico-la-caceria-de-las-brujas-16x12.jpg 16w\" \/><\/a>\n\t\t<\/div>\n\t<\/div>\n\n\n<div class=\"post-entry-content\">\n\n\t<h3 class=\"ele-entry-title\"><a href=\"https:\/\/www.epscon.mx\/en\/federico-mucino-autoabastecimiento-electrico-la-caceria-de-brujas\/\" rel=\"bookmark\" title=\"Federico Muci\u00f1o: Autoabastecimiento el\u00e9ctrico &#8211; la cacer\u00eda de brujas\">Federico Muci\u00f1o: Autoabastecimiento el\u00e9ctrico &#8211; la cacer\u00eda de brujas<\/a><\/h3><div class=\"entry-meta\"><a href=\"https:\/\/www.epscon.mx\/en\/2022\/05\/20\/\" title=\"8:25 am\" class=\"meta-item data-link\" rel=\"bookmark\"><time class=\"entry-date updated\" datetime=\"2022-05-20T08:25:00+00:00\">20 May, 2022<\/time><\/a><\/div><div class=\"entry-excerpt\"><p>Federico Muci\u00f1o: Autoabastecimiento el\u00e9ctrico &#8211; la cacer\u00eda de brujas Desde el Gobierno federal se est\u00e1 actuando como si ya se estuviera aplicando la reforma a la LIE . El mes pasado, la Suprema Corte de Justicia de la Naci\u00f3n (SCJN) someti\u00f3 a votaci\u00f3n de los Ministros la inconstitucionalidad de la reforma a la Ley de&hellip;<\/p>\n<\/div><a href=\"https:\/\/www.epscon.mx\/en\/federico-mucino-autoabastecimiento-electrico-la-caceria-de-brujas\/\" target=\"\" aria-label=\"Read more about Federico Muci\u00f1o: Autoabastecimiento el\u00e9ctrico &#8211; la cacer\u00eda de brujas\" class=\"box-button elementor-button elementor-size-xs\">Leer m\u00e1s<\/a>\n<\/div><\/article><\/div><div class=\"visible wf-cell iso-item\" data-post-id=\"929\" data-date=\"2022-05-06T08:26:00+00:00\" data-name=\"Roberto Mercado: Reforma a la LIE suspendida, Reforma Energ\u00e9tica rechazada\u2026 \u00bfqu\u00e9 sigue?\"><article class=\"post visible post-929 type-post status-publish format-standard has-post-thumbnail hentry category-noticias category-4 description-off\" data-name=\"Roberto Mercado: Reforma a la LIE suspendida, Reforma Energ\u00e9tica rechazada\u2026 \u00bfqu\u00e9 sigue?\" data-date=\"2022-05-06T08:26:00+00:00\">\n\n\t<div class=\"post-thumbnail-wrap\">\n\t\t<div class=\"post-thumbnail\">\n\n\t\t\t<a class=\"post-thumbnail-rollover layzr-bg img-css-resize-wrapper\" aria-label=\"Post image\" href=\"https:\/\/www.epscon.mx\/en\/roberto-mercado-reforma-a-la-lie-suspendida-reforma-energetica-rechazada-que-sigue\/\"><img decoding=\"async\" width=\"960\" height=\"640\" src=\"data:image\/svg+xml,%3Csvg%20xmlns%3D&#039;http%3A%2F%2Fwww.w3.org%2F2000%2Fsvg&#039;%20viewBox%3D&#039;0%200%20960%20640&#039;%2F%3E\" class=\"attachment-full size-full preload-me aspect lazy lazy-load\" alt=\"\" sizes=\"(max-width: 960px) 100vw, 960px\" style=\"--ratio: 960 \/ 640;\" data-src=\"https:\/\/www.epscon.mx\/wp-content\/uploads\/2022\/08\/220506_Reforma-a-la-LIE-suspendida-Reforma-energetica-rechazada.jpg\" loading=\"eager\" data-srcset=\"https:\/\/www.epscon.mx\/wp-content\/uploads\/2022\/08\/220506_Reforma-a-la-LIE-suspendida-Reforma-energetica-rechazada.jpg 960w, https:\/\/www.epscon.mx\/wp-content\/uploads\/2022\/08\/220506_Reforma-a-la-LIE-suspendida-Reforma-energetica-rechazada-300x200.jpg 300w, https:\/\/www.epscon.mx\/wp-content\/uploads\/2022\/08\/220506_Reforma-a-la-LIE-suspendida-Reforma-energetica-rechazada-768x512.jpg 768w, https:\/\/www.epscon.mx\/wp-content\/uploads\/2022\/08\/220506_Reforma-a-la-LIE-suspendida-Reforma-energetica-rechazada-16x12.jpg 16w\" \/><\/a>\n\t\t<\/div>\n\t<\/div>\n\n\n<div class=\"post-entry-content\">\n\n\t<h3 class=\"ele-entry-title\"><a href=\"https:\/\/www.epscon.mx\/en\/roberto-mercado-reforma-a-la-lie-suspendida-reforma-energetica-rechazada-que-sigue\/\" rel=\"bookmark\" title=\"Roberto Mercado: Reforma a la LIE suspendida, Reforma Energ\u00e9tica rechazada\u2026 \u00bfqu\u00e9 sigue?\">Roberto Mercado: Reforma a la LIE suspendida, Reforma Energ\u00e9tica rechazada\u2026 \u00bfqu\u00e9 sigue?<\/a><\/h3><div class=\"entry-meta\"><a href=\"https:\/\/www.epscon.mx\/en\/2022\/05\/06\/\" title=\"8:26 am\" class=\"meta-item data-link\" rel=\"bookmark\"><time class=\"entry-date updated\" datetime=\"2022-05-06T08:26:00+00:00\">6 May, 2022<\/time><\/a><\/div><div class=\"entry-excerpt\"><p>Roberto Mercado: Reforma a la LIE suspendida, Reforma Energ\u00e9tica rechazada\u2026 \u00bfqu\u00e9 sigue? Es un buen momento para analizar las oportunidades que presenta el mercado para obtener tarifas competitivas y suministro de energ\u00edas limpias . El pasado 18 de abril se rechaz\u00f3 la Reforma Energ\u00e9tica propuesta por el Presidente Andr\u00e9s Manuel L\u00f3pez Obrador. Esto sin lugar&hellip;<\/p>\n<\/div><a href=\"https:\/\/www.epscon.mx\/en\/roberto-mercado-reforma-a-la-lie-suspendida-reforma-energetica-rechazada-que-sigue\/\" target=\"\" aria-label=\"Read more about Roberto Mercado: Reforma a la LIE suspendida, Reforma Energ\u00e9tica rechazada\u2026 \u00bfqu\u00e9 sigue?\" class=\"box-button elementor-button elementor-size-xs\">Leer m\u00e1s<\/a>\n<\/div><\/article><\/div><div class=\"visible wf-cell iso-item\" data-post-id=\"924\" data-date=\"2022-04-21T22:59:00+00:00\" data-name=\"Federico Muci\u00f1o: Fracasa la contrarreforma el\u00e9ctrica, sobrevive el MEM\"><article class=\"post visible post-924 type-post status-publish format-standard has-post-thumbnail hentry category-noticias category-4 description-off\" data-name=\"Federico Muci\u00f1o: Fracasa la contrarreforma el\u00e9ctrica, sobrevive el MEM\" data-date=\"2022-04-21T22:59:00+00:00\">\n\n\t<div class=\"post-thumbnail-wrap\">\n\t\t<div class=\"post-thumbnail\">\n\n\t\t\t<a class=\"post-thumbnail-rollover layzr-bg img-css-resize-wrapper\" aria-label=\"Post image\" href=\"https:\/\/www.epscon.mx\/en\/federico-mucino-fracasa-la-contrarreforma-electrica-sobrevive-el-mem\/\"><img decoding=\"async\" width=\"960\" height=\"606\" src=\"data:image\/svg+xml,%3Csvg%20xmlns%3D&#039;http%3A%2F%2Fwww.w3.org%2F2000%2Fsvg&#039;%20viewBox%3D&#039;0%200%20960%20606&#039;%2F%3E\" class=\"attachment-full size-full preload-me aspect lazy lazy-load\" alt=\"\" sizes=\"(max-width: 960px) 100vw, 960px\" style=\"--ratio: 960 \/ 606;\" data-src=\"https:\/\/www.epscon.mx\/wp-content\/uploads\/2022\/08\/220421_Fracasa-la-contrarreforma-electrica-sobrevive-el-MEM.jpg\" loading=\"eager\" data-srcset=\"https:\/\/www.epscon.mx\/wp-content\/uploads\/2022\/08\/220421_Fracasa-la-contrarreforma-electrica-sobrevive-el-MEM.jpg 960w, https:\/\/www.epscon.mx\/wp-content\/uploads\/2022\/08\/220421_Fracasa-la-contrarreforma-electrica-sobrevive-el-MEM-300x189.jpg 300w, https:\/\/www.epscon.mx\/wp-content\/uploads\/2022\/08\/220421_Fracasa-la-contrarreforma-electrica-sobrevive-el-MEM-768x485.jpg 768w, https:\/\/www.epscon.mx\/wp-content\/uploads\/2022\/08\/220421_Fracasa-la-contrarreforma-electrica-sobrevive-el-MEM-16x10.jpg 16w\" \/><\/a>\n\t\t<\/div>\n\t<\/div>\n\n\n<div class=\"post-entry-content\">\n\n\t<h3 class=\"ele-entry-title\"><a href=\"https:\/\/www.epscon.mx\/en\/federico-mucino-fracasa-la-contrarreforma-electrica-sobrevive-el-mem\/\" rel=\"bookmark\" title=\"Federico Muci\u00f1o: Fracasa la contrarreforma el\u00e9ctrica, sobrevive el MEM\">Federico Muci\u00f1o: Fracasa la contrarreforma el\u00e9ctrica, sobrevive el MEM<\/a><\/h3><div class=\"entry-meta\"><a href=\"https:\/\/www.epscon.mx\/en\/2022\/04\/21\/\" title=\"10:59 pm\" class=\"meta-item data-link\" rel=\"bookmark\"><time class=\"entry-date updated\" datetime=\"2022-04-21T22:59:00+00:00\">21 April, 2022<\/time><\/a><\/div><div class=\"entry-excerpt\"><p>Federico Muci\u00f1o: Fracasa la contrarreforma el\u00e9ctrica, sobrevive el MEM Despu\u00e9s de mucho decir, ir y venir en pleno Domingo de Resurrecci\u00f3n se consum\u00f3 la muerte de la contrarreforma. . Seis meses despu\u00e9s de haberse presentado la iniciativa de contrarreforma el\u00e9ctrica finalmente esta se puso a votaci\u00f3n en la C\u00e1mara de Diputados. Despu\u00e9s de mucho decir,&hellip;<\/p>\n<\/div><a href=\"https:\/\/www.epscon.mx\/en\/federico-mucino-fracasa-la-contrarreforma-electrica-sobrevive-el-mem\/\" target=\"\" aria-label=\"Read more about Federico Muci\u00f1o: Fracasa la contrarreforma el\u00e9ctrica, sobrevive el MEM\" class=\"box-button elementor-button elementor-size-xs\">Leer m\u00e1s<\/a>\n<\/div><\/article><\/div><div class=\"visible wf-cell iso-item\" data-post-id=\"917\" data-date=\"2022-04-08T10:59:00+00:00\" data-name=\"Roberto Mercado: \u00bfVa la Reforma a la LIE? \u00bfDebo parar mis negociaciones de contratos de energ\u00eda?\"><article class=\"post visible post-917 type-post status-publish format-standard has-post-thumbnail hentry category-noticias category-4 description-off\" data-name=\"Roberto Mercado: \u00bfVa la Reforma a la LIE? \u00bfDebo parar mis negociaciones de contratos de energ\u00eda?\" data-date=\"2022-04-08T10:59:00+00:00\">\n\n\t<div class=\"post-thumbnail-wrap\">\n\t\t<div class=\"post-thumbnail\">\n\n\t\t\t<a class=\"post-thumbnail-rollover layzr-bg img-css-resize-wrapper\" aria-label=\"Post image\" href=\"https:\/\/www.epscon.mx\/en\/roberto-mercado-va-la-reforma-a-la-lie-debo-parar-mis-negociaciones-de-contratos-de-energia\/\"><img decoding=\"async\" width=\"960\" height=\"640\" src=\"data:image\/svg+xml,%3Csvg%20xmlns%3D&#039;http%3A%2F%2Fwww.w3.org%2F2000%2Fsvg&#039;%20viewBox%3D&#039;0%200%20960%20640&#039;%2F%3E\" class=\"attachment-full size-full preload-me aspect lazy lazy-load\" alt=\"\" sizes=\"(max-width: 960px) 100vw, 960px\" style=\"--ratio: 960 \/ 640;\" data-src=\"https:\/\/www.epscon.mx\/wp-content\/uploads\/2022\/08\/220408_Va-la-reforma-a-la-LIE-Debo-parar-mis-negociaciones-de-contratos.jpg\" loading=\"eager\" data-srcset=\"https:\/\/www.epscon.mx\/wp-content\/uploads\/2022\/08\/220408_Va-la-reforma-a-la-LIE-Debo-parar-mis-negociaciones-de-contratos.jpg 960w, https:\/\/www.epscon.mx\/wp-content\/uploads\/2022\/08\/220408_Va-la-reforma-a-la-LIE-Debo-parar-mis-negociaciones-de-contratos-300x200.jpg 300w, https:\/\/www.epscon.mx\/wp-content\/uploads\/2022\/08\/220408_Va-la-reforma-a-la-LIE-Debo-parar-mis-negociaciones-de-contratos-768x512.jpg 768w, https:\/\/www.epscon.mx\/wp-content\/uploads\/2022\/08\/220408_Va-la-reforma-a-la-LIE-Debo-parar-mis-negociaciones-de-contratos-16x12.jpg 16w\" \/><\/a>\n\t\t<\/div>\n\t<\/div>\n\n\n<div class=\"post-entry-content\">\n\n\t<h3 class=\"ele-entry-title\"><a href=\"https:\/\/www.epscon.mx\/en\/roberto-mercado-va-la-reforma-a-la-lie-debo-parar-mis-negociaciones-de-contratos-de-energia\/\" rel=\"bookmark\" title=\"Roberto Mercado: \u00bfVa la Reforma a la LIE? \u00bfDebo parar mis negociaciones de contratos de energ\u00eda?\">Roberto Mercado: \u00bfVa la Reforma a la LIE? \u00bfDebo parar mis negociaciones de contratos de energ\u00eda?<\/a><\/h3><div class=\"entry-meta\"><a href=\"https:\/\/www.epscon.mx\/en\/2022\/04\/08\/\" title=\"10:59 am\" class=\"meta-item data-link\" rel=\"bookmark\"><time class=\"entry-date updated\" datetime=\"2022-04-08T10:59:00+00:00\">8 April, 2022<\/time><\/a><\/div><div class=\"entry-excerpt\"><p>Roberto Mercado: \u00bfVa la Reforma a la LIE? \u00bfDebo parar mis negociaciones de contratos de energ\u00eda? Recomendamos continuar con sus procesos de negociaci\u00f3n de contratos de energ\u00eda el\u00e9ctrica, ya que pararlos implicar\u00eda una p\u00e9rdida significativa de tiempo . La Reforma a la Ley de la Industria El\u00e9ctrica (LIE) fue aprobada en marzo del a\u00f1o pasado.&hellip;<\/p>\n<\/div><a href=\"https:\/\/www.epscon.mx\/en\/roberto-mercado-va-la-reforma-a-la-lie-debo-parar-mis-negociaciones-de-contratos-de-energia\/\" target=\"\" aria-label=\"Read more about Roberto Mercado: \u00bfVa la Reforma a la LIE? \u00bfDebo parar mis negociaciones de contratos de energ\u00eda?\" class=\"box-button elementor-button elementor-size-xs\">Leer m\u00e1s<\/a>\n<\/div><\/article><\/div><div class=\"visible wf-cell iso-item\" data-post-id=\"845\" data-date=\"2022-03-25T07:42:05+00:00\" data-name=\"Federico Muci\u00f1o: Contrarreforma el\u00e9ctrica - Primer intento de aprobaci\u00f3n\"><article class=\"post visible post-845 type-post status-publish format-standard has-post-thumbnail hentry category-noticias category-4 description-off\" data-name=\"Federico Muci\u00f1o: Contrarreforma el\u00e9ctrica &#8211; Primer intento de aprobaci\u00f3n\" data-date=\"2022-03-25T07:42:05+00:00\">\n\n\t<div class=\"post-thumbnail-wrap\">\n\t\t<div class=\"post-thumbnail\">\n\n\t\t\t<a class=\"post-thumbnail-rollover layzr-bg img-css-resize-wrapper\" aria-label=\"Post image\" href=\"https:\/\/www.epscon.mx\/en\/federico-mucino-contrarreforma-electrica-diles-que-si-pero-no-cuando\/\"><img decoding=\"async\" width=\"960\" height=\"640\" src=\"data:image\/svg+xml,%3Csvg%20xmlns%3D&#039;http%3A%2F%2Fwww.w3.org%2F2000%2Fsvg&#039;%20viewBox%3D&#039;0%200%20960%20640&#039;%2F%3E\" class=\"attachment-full size-full preload-me aspect lazy lazy-load\" alt=\"\" sizes=\"(max-width: 960px) 100vw, 960px\" style=\"--ratio: 960 \/ 640;\" data-src=\"https:\/\/www.epscon.mx\/wp-content\/uploads\/2021\/11\/220325_Contrarreforma-electrica-Primer-intento-de-aprobacion.jpg\" loading=\"eager\" data-srcset=\"https:\/\/www.epscon.mx\/wp-content\/uploads\/2021\/11\/220325_Contrarreforma-electrica-Primer-intento-de-aprobacion.jpg 960w, https:\/\/www.epscon.mx\/wp-content\/uploads\/2021\/11\/220325_Contrarreforma-electrica-Primer-intento-de-aprobacion-300x200.jpg 300w, https:\/\/www.epscon.mx\/wp-content\/uploads\/2021\/11\/220325_Contrarreforma-electrica-Primer-intento-de-aprobacion-768x512.jpg 768w, https:\/\/www.epscon.mx\/wp-content\/uploads\/2021\/11\/220325_Contrarreforma-electrica-Primer-intento-de-aprobacion-16x12.jpg 16w\" \/><\/a>\n\t\t<\/div>\n\t<\/div>\n\n\n<div class=\"post-entry-content\">\n\n\t<h3 class=\"ele-entry-title\"><a href=\"https:\/\/www.epscon.mx\/en\/federico-mucino-contrarreforma-electrica-diles-que-si-pero-no-cuando\/\" rel=\"bookmark\" title=\"Federico Muci\u00f1o: Contrarreforma el\u00e9ctrica &#8211; Primer intento de aprobaci\u00f3n\">Federico Muci\u00f1o: Contrarreforma el\u00e9ctrica &#8211; Primer intento de aprobaci\u00f3n<\/a><\/h3><div class=\"entry-meta\"><a href=\"https:\/\/www.epscon.mx\/en\/2022\/03\/25\/\" title=\"7:42 am\" class=\"meta-item data-link\" rel=\"bookmark\"><time class=\"entry-date updated\" datetime=\"2022-03-25T07:42:05+00:00\">25 March, 2022<\/time><\/a><\/div><div class=\"entry-excerpt\"><p>Federico Muci\u00f1o: Contrarreforma el\u00e9ctrica &#8211; Primer intento de aprobaci\u00f3n Se intentar\u00e1 aprobar la contrarreforma el\u00e9ctrica en abril pr\u00f3ximo. . Medio a\u00f1o despu\u00e9s de haberse hecho p\u00fablica, se intentar\u00e1 aprobar la contrarreforma el\u00e9ctrica en abril pr\u00f3ximo. Seg\u00fan informaci\u00f3n filtrada por fuentes cercanas al grupo parlamentario de Morena en la C\u00e1mara de Diputados, se pretende dar un&hellip;<\/p>\n<\/div><a href=\"https:\/\/www.epscon.mx\/en\/federico-mucino-contrarreforma-electrica-diles-que-si-pero-no-cuando\/\" target=\"\" aria-label=\"Read more about Federico Muci\u00f1o: Contrarreforma el\u00e9ctrica &#8211; Primer intento de aprobaci\u00f3n\" class=\"box-button elementor-button elementor-size-xs\">Leer m\u00e1s<\/a>\n<\/div><\/article><\/div><div class=\"visible wf-cell iso-item\" data-post-id=\"898\" data-date=\"2022-02-28T08:58:00+00:00\" data-name=\"Roberto Mercado: Parlamento Abierto sobre Reforma El\u00e9ctrica en Nuevo Le\u00f3n\"><article class=\"post visible post-898 type-post status-publish format-standard has-post-thumbnail hentry category-noticias category-4 description-off\" data-name=\"Roberto Mercado: Parlamento Abierto sobre Reforma El\u00e9ctrica en Nuevo Le\u00f3n\" data-date=\"2022-02-28T08:58:00+00:00\">\n\n\t<div class=\"post-thumbnail-wrap\">\n\t\t<div class=\"post-thumbnail\">\n\n\t\t\t<a class=\"post-thumbnail-rollover layzr-bg img-css-resize-wrapper\" aria-label=\"Post image\" href=\"https:\/\/www.epscon.mx\/en\/roberto-mercado-parlamento-abierto-sobre-reforma-electrica-en-nuevo-leon\/\"><img decoding=\"async\" width=\"960\" height=\"640\" src=\"data:image\/svg+xml,%3Csvg%20xmlns%3D&#039;http%3A%2F%2Fwww.w3.org%2F2000%2Fsvg&#039;%20viewBox%3D&#039;0%200%20960%20640&#039;%2F%3E\" class=\"attachment-full size-full preload-me aspect lazy lazy-load\" alt=\"\" sizes=\"(max-width: 960px) 100vw, 960px\" style=\"--ratio: 960 \/ 640;\" data-src=\"https:\/\/www.epscon.mx\/wp-content\/uploads\/2022\/08\/220228_Parlamento-abierto-sobre-la-refirma-electrica-en-Nuevo-Leon.jpg\" loading=\"eager\" data-srcset=\"https:\/\/www.epscon.mx\/wp-content\/uploads\/2022\/08\/220228_Parlamento-abierto-sobre-la-refirma-electrica-en-Nuevo-Leon.jpg 960w, https:\/\/www.epscon.mx\/wp-content\/uploads\/2022\/08\/220228_Parlamento-abierto-sobre-la-refirma-electrica-en-Nuevo-Leon-300x200.jpg 300w, https:\/\/www.epscon.mx\/wp-content\/uploads\/2022\/08\/220228_Parlamento-abierto-sobre-la-refirma-electrica-en-Nuevo-Leon-768x512.jpg 768w, https:\/\/www.epscon.mx\/wp-content\/uploads\/2022\/08\/220228_Parlamento-abierto-sobre-la-refirma-electrica-en-Nuevo-Leon-16x12.jpg 16w\" \/><\/a>\n\t\t<\/div>\n\t<\/div>\n\n\n<div class=\"post-entry-content\">\n\n\t<h3 class=\"ele-entry-title\"><a href=\"https:\/\/www.epscon.mx\/en\/roberto-mercado-parlamento-abierto-sobre-reforma-electrica-en-nuevo-leon\/\" rel=\"bookmark\" title=\"Roberto Mercado: Parlamento Abierto sobre Reforma El\u00e9ctrica en Nuevo Le\u00f3n\">Roberto Mercado: Parlamento Abierto sobre Reforma El\u00e9ctrica en Nuevo Le\u00f3n<\/a><\/h3><div class=\"entry-meta\"><a href=\"https:\/\/www.epscon.mx\/en\/2022\/02\/28\/\" title=\"8:58 am\" class=\"meta-item data-link\" rel=\"bookmark\"><time class=\"entry-date updated\" datetime=\"2022-02-28T08:58:00+00:00\">28 February, 2022<\/time><\/a><\/div><div class=\"entry-excerpt\"><p>Roberto Mercado: Parlamento Abierto sobre Reforma El\u00e9ctrica en Nuevo Le\u00f3n Este es el primer Parlamento Abierto que se realiza fuera de la capital de M\u00e9xico . Tuvimos el honor de ser invitados a participar en el Parlamento Abierto sobre la Reforma El\u00e9ctrica llevado acabo en Nuevo Le\u00f3n. Este es el primer Parlamento Abierto que se&hellip;<\/p>\n<\/div><a href=\"https:\/\/www.epscon.mx\/en\/roberto-mercado-parlamento-abierto-sobre-reforma-electrica-en-nuevo-leon\/\" target=\"\" aria-label=\"Read more about Roberto Mercado: Parlamento Abierto sobre Reforma El\u00e9ctrica en Nuevo Le\u00f3n\" class=\"box-button elementor-button elementor-size-xs\">Leer m\u00e1s<\/a>\n<\/div><\/article><\/div><div class=\"visible wf-cell iso-item\" data-post-id=\"886\" data-date=\"2022-02-10T08:48:00+00:00\" data-name=\"Federico Muci\u00f1o: Contrarreforma el\u00e9ctrica - Estados Unidos nos corrige la plana\"><article class=\"post visible post-886 type-post status-publish format-standard has-post-thumbnail hentry category-noticias category-4 description-off\" data-name=\"Federico Muci\u00f1o: Contrarreforma el\u00e9ctrica &#8211; Estados Unidos nos corrige la plana\" data-date=\"2022-02-10T08:48:00+00:00\">\n\n\t<div class=\"post-thumbnail-wrap\">\n\t\t<div class=\"post-thumbnail\">\n\n\t\t\t<a class=\"post-thumbnail-rollover layzr-bg img-css-resize-wrapper\" aria-label=\"Post image\" href=\"https:\/\/www.epscon.mx\/en\/federico-mucino-contrarreforma-electrica-estados-unidos-nos-corrige-la-plana\/\"><img decoding=\"async\" width=\"960\" height=\"306\" src=\"data:image\/svg+xml,%3Csvg%20xmlns%3D&#039;http%3A%2F%2Fwww.w3.org%2F2000%2Fsvg&#039;%20viewBox%3D&#039;0%200%20960%20306&#039;%2F%3E\" class=\"attachment-full size-full preload-me aspect lazy lazy-load\" alt=\"\" style=\"--ratio: 960 \/ 306;\" data-src=\"https:\/\/www.epscon.mx\/wp-content\/uploads\/2022\/08\/220210_Contrarreforma-electrica-EU-nos-corrige-la-plana-e1659634602342.jpg\" loading=\"eager\" \/><\/a>\n\t\t<\/div>\n\t<\/div>\n\n\n<div class=\"post-entry-content\">\n\n\t<h3 class=\"ele-entry-title\"><a href=\"https:\/\/www.epscon.mx\/en\/federico-mucino-contrarreforma-electrica-estados-unidos-nos-corrige-la-plana\/\" rel=\"bookmark\" title=\"Federico Muci\u00f1o: Contrarreforma el\u00e9ctrica &#8211; Estados Unidos nos corrige la plana\">Federico Muci\u00f1o: Contrarreforma el\u00e9ctrica &#8211; Estados Unidos nos corrige la plana<\/a><\/h3><div class=\"entry-meta\"><a href=\"https:\/\/www.epscon.mx\/en\/2022\/02\/10\/\" title=\"8:48 am\" class=\"meta-item data-link\" rel=\"bookmark\"><time class=\"entry-date updated\" datetime=\"2022-02-10T08:48:00+00:00\">10 February, 2022<\/time><\/a><\/div><div class=\"entry-excerpt\"><p>Federico Muci\u00f1o: Contrarreforma el\u00e9ctrica &#8211; Estados Unidos nos corrige la plana La atenci\u00f3n que el gobierno estadounidense est\u00e1 poniendo sobre la iniciativa de contrarreforma el\u00e9ctrica ha sido muy evidente . En las conferencias matutinas del Presidente de la Rep\u00fablica, se ha vuelto completamente regular el hablar de la industria energ\u00e9tica. Dada la importancia que tiene&hellip;<\/p>\n<\/div><a href=\"https:\/\/www.epscon.mx\/en\/federico-mucino-contrarreforma-electrica-estados-unidos-nos-corrige-la-plana\/\" target=\"\" aria-label=\"Read more about Federico Muci\u00f1o: Contrarreforma el\u00e9ctrica &#8211; Estados Unidos nos corrige la plana\" class=\"box-button elementor-button elementor-size-xs\">Leer m\u00e1s<\/a>\n<\/div><\/article><\/div><div class=\"visible wf-cell iso-item\" data-post-id=\"859\" data-date=\"2022-01-20T09:14:25+00:00\" data-name=\"Roberto Mercado: Empezamos el a\u00f1o y con algunos cambios\u2026\"><article class=\"post visible post-859 type-post status-publish format-standard has-post-thumbnail hentry category-noticias category-4 description-off\" data-name=\"Roberto Mercado: Empezamos el a\u00f1o y con algunos cambios\u2026\" data-date=\"2022-01-20T09:14:25+00:00\">\n\n\t<div class=\"post-thumbnail-wrap\">\n\t\t<div class=\"post-thumbnail\">\n\n\t\t\t<a class=\"post-thumbnail-rollover layzr-bg img-css-resize-wrapper\" aria-label=\"Post image\" href=\"https:\/\/www.epscon.mx\/en\/roberto-mercado-empezamos-el-ano-y-con-algunos-cambios\/\"><img decoding=\"async\" width=\"2304\" height=\"1728\" src=\"data:image\/svg+xml,%3Csvg%20xmlns%3D&#039;http%3A%2F%2Fwww.w3.org%2F2000%2Fsvg&#039;%20viewBox%3D&#039;0%200%202304%201728&#039;%2F%3E\" class=\"attachment-full size-full preload-me aspect lazy lazy-load\" alt=\"\" sizes=\"(max-width: 2304px) 100vw, 2304px\" style=\"--ratio: 2304 \/ 1728;\" data-src=\"https:\/\/www.epscon.mx\/wp-content\/uploads\/2022\/01\/Diseno-sin-titulo-e1642727025755.png\" loading=\"eager\" data-srcset=\"https:\/\/www.epscon.mx\/wp-content\/uploads\/2022\/01\/Diseno-sin-titulo-e1642727025755.png 2304w, https:\/\/www.epscon.mx\/wp-content\/uploads\/2022\/01\/Diseno-sin-titulo-e1642727025755-300x225.png 300w, https:\/\/www.epscon.mx\/wp-content\/uploads\/2022\/01\/Diseno-sin-titulo-e1642727025755-1024x768.png 1024w, https:\/\/www.epscon.mx\/wp-content\/uploads\/2022\/01\/Diseno-sin-titulo-e1642727025755-768x576.png 768w, https:\/\/www.epscon.mx\/wp-content\/uploads\/2022\/01\/Diseno-sin-titulo-e1642727025755-1536x1152.png 1536w, https:\/\/www.epscon.mx\/wp-content\/uploads\/2022\/01\/Diseno-sin-titulo-e1642727025755-2048x1536.png 2048w, https:\/\/www.epscon.mx\/wp-content\/uploads\/2022\/01\/Diseno-sin-titulo-e1642727025755-16x12.png 16w\" \/><\/a>\n\t\t<\/div>\n\t<\/div>\n\n\n<div class=\"post-entry-content\">\n\n\t<h3 class=\"ele-entry-title\"><a href=\"https:\/\/www.epscon.mx\/en\/roberto-mercado-empezamos-el-ano-y-con-algunos-cambios\/\" rel=\"bookmark\" title=\"Roberto Mercado: Empezamos el a\u00f1o y con algunos cambios\u2026\">Roberto Mercado: Empezamos el a\u00f1o y con algunos cambios\u2026<\/a><\/h3><div class=\"entry-meta\"><a href=\"https:\/\/www.epscon.mx\/en\/2022\/01\/20\/\" title=\"9:14 am\" class=\"meta-item data-link\" rel=\"bookmark\"><time class=\"entry-date updated\" datetime=\"2022-01-20T09:14:25+00:00\">20 January, 2022<\/time><\/a><\/div><div class=\"entry-excerpt\"><p>Roberto Mercado: Empezamos el a\u00f1o y con algunos cambios\u2026 Con varios cambios regulatorios no tan satisfactorios para la industria . Iniciamos el a\u00f1o con algunos cambios importantes en la regulaci\u00f3n del sector el\u00e9ctrico. El 31 de diciembre del 2021 se publica en el Diario Oficial de la Federaci\u00f3n la segunda versi\u00f3n del C\u00f3digo de Red&hellip;<\/p>\n<\/div><a href=\"https:\/\/www.epscon.mx\/en\/roberto-mercado-empezamos-el-ano-y-con-algunos-cambios\/\" target=\"\" aria-label=\"Read more about Roberto Mercado: Empezamos el a\u00f1o y con algunos cambios\u2026\" class=\"box-button elementor-button elementor-size-xs\">Leer m\u00e1s<\/a>\n<\/div><\/article><\/div><div class=\"visible wf-cell iso-item\" data-post-id=\"849\" data-date=\"2021-11-26T11:28:08+00:00\" data-name=\"Roberto Mercado: Y las tarifas el\u00e9ctricas van que vuelan\"><article class=\"post visible post-849 type-post status-publish format-standard has-post-thumbnail hentry category-noticias category-4 description-off\" data-name=\"Roberto Mercado: Y las tarifas el\u00e9ctricas van que vuelan\" data-date=\"2021-11-26T11:28:08+00:00\">\n\n\t<div class=\"post-thumbnail-wrap\">\n\t\t<div class=\"post-thumbnail\">\n\n\t\t\t<a class=\"post-thumbnail-rollover layzr-bg img-css-resize-wrapper\" aria-label=\"Post image\" href=\"https:\/\/www.epscon.mx\/en\/y-las-tarifas-electricas-van-que-vuelan\/\"><img decoding=\"async\" width=\"1920\" height=\"1280\" src=\"data:image\/svg+xml,%3Csvg%20xmlns%3D&#039;http%3A%2F%2Fwww.w3.org%2F2000%2Fsvg&#039;%20viewBox%3D&#039;0%200%201920%201280&#039;%2F%3E\" class=\"attachment-full size-full preload-me aspect lazy lazy-load\" alt=\"\" sizes=\"(max-width: 1920px) 100vw, 1920px\" style=\"--ratio: 1920 \/ 1280;\" data-src=\"https:\/\/www.epscon.mx\/wp-content\/uploads\/2021\/11\/5_pylons-gfcede5d2b_1920.jpg\" loading=\"eager\" data-srcset=\"https:\/\/www.epscon.mx\/wp-content\/uploads\/2021\/11\/5_pylons-gfcede5d2b_1920.jpg 1920w, https:\/\/www.epscon.mx\/wp-content\/uploads\/2021\/11\/5_pylons-gfcede5d2b_1920-300x200.jpg 300w, https:\/\/www.epscon.mx\/wp-content\/uploads\/2021\/11\/5_pylons-gfcede5d2b_1920-1024x683.jpg 1024w, https:\/\/www.epscon.mx\/wp-content\/uploads\/2021\/11\/5_pylons-gfcede5d2b_1920-768x512.jpg 768w, https:\/\/www.epscon.mx\/wp-content\/uploads\/2021\/11\/5_pylons-gfcede5d2b_1920-1536x1024.jpg 1536w, https:\/\/www.epscon.mx\/wp-content\/uploads\/2021\/11\/5_pylons-gfcede5d2b_1920-16x12.jpg 16w\" \/><\/a>\n\t\t<\/div>\n\t<\/div>\n\n\n<div class=\"post-entry-content\">\n\n\t<h3 class=\"ele-entry-title\"><a href=\"https:\/\/www.epscon.mx\/en\/y-las-tarifas-electricas-van-que-vuelan\/\" rel=\"bookmark\" title=\"Roberto Mercado: Y las tarifas el\u00e9ctricas van que vuelan\">Roberto Mercado: Y las tarifas el\u00e9ctricas van que vuelan<\/a><\/h3><div class=\"entry-meta\"><a href=\"https:\/\/www.epscon.mx\/en\/2021\/11\/26\/\" title=\"11:28 am\" class=\"meta-item data-link\" rel=\"bookmark\"><time class=\"entry-date updated\" datetime=\"2021-11-26T11:28:08+00:00\">26 November, 2021<\/time><\/a><\/div><div class=\"entry-excerpt\"><p>Roberto Mercado: Y las tarifas el\u00e9ctricas van que vuelan El precio de los combustibles f\u00f3siles y las tarifas de electricidad de CFE Suministrador de Servicios B\u00e1sicos (CFE SSB) van en aumento. . Ante una posible desaparici\u00f3n de parte de la industria el\u00e9ctrica debido a la amenaza de aprobaci\u00f3n de la Iniciativa de Reforma El\u00e9ctrica presentada&hellip;<\/p>\n<\/div><a href=\"https:\/\/www.epscon.mx\/en\/y-las-tarifas-electricas-van-que-vuelan\/\" target=\"\" aria-label=\"Read more about Roberto Mercado: Y las tarifas el\u00e9ctricas van que vuelan\" class=\"box-button elementor-button elementor-size-xs\">Leer m\u00e1s<\/a>\n<\/div><\/article><\/div><div class=\"visible wf-cell iso-item\" data-post-id=\"841\" data-date=\"2021-10-29T07:45:43+00:00\" data-name=\"Roberto Mercado: La Reforma El\u00e9ctrica y el panorama actual\"><article class=\"post visible post-841 type-post status-publish format-standard has-post-thumbnail hentry category-noticias category-4 description-off\" data-name=\"Roberto Mercado: La Reforma El\u00e9ctrica y el panorama actual\" data-date=\"2021-10-29T07:45:43+00:00\">\n\n\t<div class=\"post-thumbnail-wrap\">\n\t\t<div class=\"post-thumbnail\">\n\n\t\t\t<a class=\"post-thumbnail-rollover layzr-bg img-css-resize-wrapper\" aria-label=\"Post image\" href=\"https:\/\/www.epscon.mx\/en\/roberto-mercado-la-reforma-electrica-y-el-panorama-actual\/\"><img decoding=\"async\" width=\"1920\" height=\"1279\" src=\"data:image\/svg+xml,%3Csvg%20xmlns%3D&#039;http%3A%2F%2Fwww.w3.org%2F2000%2Fsvg&#039;%20viewBox%3D&#039;0%200%201920%201279&#039;%2F%3E\" class=\"attachment-full size-full preload-me aspect lazy lazy-load\" alt=\"\" sizes=\"(max-width: 1920px) 100vw, 1920px\" style=\"--ratio: 1920 \/ 1279;\" data-src=\"https:\/\/www.epscon.mx\/wp-content\/uploads\/2021\/11\/1b_power-plant-g01ecca57d_1920.jpg\" loading=\"eager\" data-srcset=\"https:\/\/www.epscon.mx\/wp-content\/uploads\/2021\/11\/1b_power-plant-g01ecca57d_1920.jpg 1920w, https:\/\/www.epscon.mx\/wp-content\/uploads\/2021\/11\/1b_power-plant-g01ecca57d_1920-300x200.jpg 300w, https:\/\/www.epscon.mx\/wp-content\/uploads\/2021\/11\/1b_power-plant-g01ecca57d_1920-1024x682.jpg 1024w, https:\/\/www.epscon.mx\/wp-content\/uploads\/2021\/11\/1b_power-plant-g01ecca57d_1920-768x512.jpg 768w, https:\/\/www.epscon.mx\/wp-content\/uploads\/2021\/11\/1b_power-plant-g01ecca57d_1920-1536x1023.jpg 1536w, https:\/\/www.epscon.mx\/wp-content\/uploads\/2021\/11\/1b_power-plant-g01ecca57d_1920-16x12.jpg 16w\" \/><\/a>\n\t\t<\/div>\n\t<\/div>\n\n\n<div class=\"post-entry-content\">\n\n\t<h3 class=\"ele-entry-title\"><a href=\"https:\/\/www.epscon.mx\/en\/roberto-mercado-la-reforma-electrica-y-el-panorama-actual\/\" rel=\"bookmark\" title=\"Roberto Mercado: La Reforma El\u00e9ctrica y el panorama actual\">Roberto Mercado: La Reforma El\u00e9ctrica y el panorama actual<\/a><\/h3><div class=\"entry-meta\"><a href=\"https:\/\/www.epscon.mx\/en\/2021\/10\/29\/\" title=\"7:45 am\" class=\"meta-item data-link\" rel=\"bookmark\"><time class=\"entry-date updated\" datetime=\"2021-10-29T07:45:43+00:00\">29 October, 2021<\/time><\/a><\/div><div class=\"entry-excerpt\"><p>Roberto Mercado: La Reforma El\u00e9ctrica y el panorama actual Esta reforma ha tra\u00eddo mucha incertidumbre en el sector el\u00e9ctrico y en todos los sectores industriales, por lo que recomendamos a las empresas a acercarse a expertos que los puedan asesorar en los temas de compra de energ\u00eda el\u00e9ctrica. . Han pasado veintisiete d\u00edas desde que&hellip;<\/p>\n<\/div><a href=\"https:\/\/www.epscon.mx\/en\/roberto-mercado-la-reforma-electrica-y-el-panorama-actual\/\" target=\"\" aria-label=\"Read more about Roberto Mercado: La Reforma El\u00e9ctrica y el panorama actual\" class=\"box-button elementor-button elementor-size-xs\">Leer m\u00e1s<\/a>\n<\/div><\/article><\/div><div class=\"visible wf-cell iso-item\" data-post-id=\"837\" data-date=\"2021-10-14T09:34:08+00:00\" data-name=\"Federico Muci\u00f1o. Contrarreforma el\u00e9ctrica: Preguntas dif\u00edciles, respuestas f\u00e1ciles\"><article class=\"post visible post-837 type-post status-publish format-standard has-post-thumbnail hentry category-noticias category-4 description-off\" data-name=\"Federico Muci\u00f1o. Contrarreforma el\u00e9ctrica: Preguntas dif\u00edciles, respuestas f\u00e1ciles\" data-date=\"2021-10-14T09:34:08+00:00\">\n\n\t<div class=\"post-thumbnail-wrap\">\n\t\t<div class=\"post-thumbnail\">\n\n\t\t\t<a class=\"post-thumbnail-rollover layzr-bg img-css-resize-wrapper\" aria-label=\"Post image\" href=\"https:\/\/www.epscon.mx\/en\/federico-mucino-contrarreforma-electrica-preguntas-dificiles-respuestas-faciles\/\"><img decoding=\"async\" width=\"1920\" height=\"1280\" src=\"data:image\/svg+xml,%3Csvg%20xmlns%3D&#039;http%3A%2F%2Fwww.w3.org%2F2000%2Fsvg&#039;%20viewBox%3D&#039;0%200%201920%201280&#039;%2F%3E\" class=\"attachment-full size-full preload-me aspect lazy lazy-load\" alt=\"\" sizes=\"(max-width: 1920px) 100vw, 1920px\" style=\"--ratio: 1920 \/ 1280;\" data-src=\"https:\/\/www.epscon.mx\/wp-content\/uploads\/2021\/11\/2_electricity-g3b3c9f131_1920.jpg\" loading=\"eager\" data-srcset=\"https:\/\/www.epscon.mx\/wp-content\/uploads\/2021\/11\/2_electricity-g3b3c9f131_1920.jpg 1920w, https:\/\/www.epscon.mx\/wp-content\/uploads\/2021\/11\/2_electricity-g3b3c9f131_1920-300x200.jpg 300w, https:\/\/www.epscon.mx\/wp-content\/uploads\/2021\/11\/2_electricity-g3b3c9f131_1920-1024x683.jpg 1024w, https:\/\/www.epscon.mx\/wp-content\/uploads\/2021\/11\/2_electricity-g3b3c9f131_1920-768x512.jpg 768w, https:\/\/www.epscon.mx\/wp-content\/uploads\/2021\/11\/2_electricity-g3b3c9f131_1920-1536x1024.jpg 1536w, https:\/\/www.epscon.mx\/wp-content\/uploads\/2021\/11\/2_electricity-g3b3c9f131_1920-16x12.jpg 16w\" \/><\/a>\n\t\t<\/div>\n\t<\/div>\n\n\n<div class=\"post-entry-content\">\n\n\t<h3 class=\"ele-entry-title\"><a href=\"https:\/\/www.epscon.mx\/en\/federico-mucino-contrarreforma-electrica-preguntas-dificiles-respuestas-faciles\/\" rel=\"bookmark\" title=\"Federico Muci\u00f1o. Contrarreforma el\u00e9ctrica: Preguntas dif\u00edciles, respuestas f\u00e1ciles\">Federico Muci\u00f1o. Contrarreforma el\u00e9ctrica: Preguntas dif\u00edciles, respuestas f\u00e1ciles<\/a><\/h3><div class=\"entry-meta\"><a href=\"https:\/\/www.epscon.mx\/en\/2021\/10\/14\/\" title=\"9:34 am\" class=\"meta-item data-link\" rel=\"bookmark\"><time class=\"entry-date updated\" datetime=\"2021-10-14T09:34:08+00:00\">14 October, 2021<\/time><\/a><\/div><div class=\"entry-excerpt\"><p>Federico Muci\u00f1o. Contrarreforma el\u00e9ctrica: Preguntas dif\u00edciles, respuestas f\u00e1ciles Existen muchas otras preguntas para las que se deben esbozar varias respuestas, en lo que deber\u00eda ser un debate plural del futuro energ\u00e9tico de M\u00e9xico. . La industria el\u00e9ctrica es, sin lugar a duda, un pilar para el desarrollo de los sectores primario y secundario, pues para&hellip;<\/p>\n<\/div><a href=\"https:\/\/www.epscon.mx\/en\/federico-mucino-contrarreforma-electrica-preguntas-dificiles-respuestas-faciles\/\" target=\"\" aria-label=\"Read more about Federico Muci\u00f1o. Contrarreforma el\u00e9ctrica: Preguntas dif\u00edciles, respuestas f\u00e1ciles\" class=\"box-button elementor-button elementor-size-xs\">Leer m\u00e1s<\/a>\n<\/div><\/article><\/div><div class=\"visible wf-cell iso-item\" data-post-id=\"823\" data-date=\"2021-10-06T08:38:13+00:00\" data-name=\"Roberto Mercado: La Reforma El\u00e9ctrica y sus implicaciones en la industria\"><article class=\"post visible post-823 type-post status-publish format-standard has-post-thumbnail hentry category-noticias category-4 description-off\" data-name=\"Roberto Mercado: La Reforma El\u00e9ctrica y sus implicaciones en la industria\" data-date=\"2021-10-06T08:38:13+00:00\">\n\n\t<div class=\"post-thumbnail-wrap\">\n\t\t<div class=\"post-thumbnail\">\n\n\t\t\t<a class=\"post-thumbnail-rollover layzr-bg img-css-resize-wrapper\" aria-label=\"Post image\" href=\"https:\/\/www.epscon.mx\/en\/roberto-mercado-la-reforma-electrica-y-sus-implicaciones-en-la-industria\/\"><img decoding=\"async\" width=\"1920\" height=\"1279\" src=\"data:image\/svg+xml,%3Csvg%20xmlns%3D&#039;http%3A%2F%2Fwww.w3.org%2F2000%2Fsvg&#039;%20viewBox%3D&#039;0%200%201920%201279&#039;%2F%3E\" class=\"attachment-full size-full preload-me aspect lazy lazy-load\" alt=\"\" sizes=\"(max-width: 1920px) 100vw, 1920px\" style=\"--ratio: 1920 \/ 1279;\" data-src=\"https:\/\/www.epscon.mx\/wp-content\/uploads\/2021\/11\/1_power-station-gc0e3325a2_1920.jpg\" loading=\"eager\" data-srcset=\"https:\/\/www.epscon.mx\/wp-content\/uploads\/2021\/11\/1_power-station-gc0e3325a2_1920.jpg 1920w, https:\/\/www.epscon.mx\/wp-content\/uploads\/2021\/11\/1_power-station-gc0e3325a2_1920-300x200.jpg 300w, https:\/\/www.epscon.mx\/wp-content\/uploads\/2021\/11\/1_power-station-gc0e3325a2_1920-1024x682.jpg 1024w, https:\/\/www.epscon.mx\/wp-content\/uploads\/2021\/11\/1_power-station-gc0e3325a2_1920-768x512.jpg 768w, https:\/\/www.epscon.mx\/wp-content\/uploads\/2021\/11\/1_power-station-gc0e3325a2_1920-1536x1023.jpg 1536w, https:\/\/www.epscon.mx\/wp-content\/uploads\/2021\/11\/1_power-station-gc0e3325a2_1920-16x12.jpg 16w\" \/><\/a>\n\t\t<\/div>\n\t<\/div>\n\n\n<div class=\"post-entry-content\">\n\n\t<h3 class=\"ele-entry-title\"><a href=\"https:\/\/www.epscon.mx\/en\/roberto-mercado-la-reforma-electrica-y-sus-implicaciones-en-la-industria\/\" rel=\"bookmark\" title=\"Roberto Mercado: La Reforma El\u00e9ctrica y sus implicaciones en la industria\">Roberto Mercado: La Reforma El\u00e9ctrica y sus implicaciones en la industria<\/a><\/h3><div class=\"entry-meta\"><a href=\"https:\/\/www.epscon.mx\/en\/2021\/10\/06\/\" title=\"8:38 am\" class=\"meta-item data-link\" rel=\"bookmark\"><time class=\"entry-date updated\" datetime=\"2021-10-06T08:38:13+00:00\">6 October, 2021<\/time><\/a><\/div><div class=\"entry-excerpt\"><p>Roberto Mercado: La Reforma El\u00e9ctrica y sus implicaciones en la industria En caso de ser aprobada esta Iniciativa de Reforma la afectaci\u00f3n no es solo para la industria dentro del sector el\u00e9ctrico, sino para todos los mexicanos. . Finalmente, despu\u00e9s de los avisos que hab\u00eda hecho la Poder Ejecutivo, el Presidente presenta a la C\u00e1mara&hellip;<\/p>\n<\/div><a href=\"https:\/\/www.epscon.mx\/en\/roberto-mercado-la-reforma-electrica-y-sus-implicaciones-en-la-industria\/\" target=\"\" aria-label=\"Read more about Roberto Mercado: La Reforma El\u00e9ctrica y sus implicaciones en la industria\" class=\"box-button elementor-button elementor-size-xs\">Leer m\u00e1s<\/a>\n<\/div><\/article><\/div><div class=\"visible wf-cell iso-item\" data-post-id=\"819\" data-date=\"2021-09-17T08:20:06+00:00\" data-name=\"Federico Muci\u00f1o Garc\u00eda: Gas natural por los cielos\"><article class=\"post visible post-819 type-post status-publish format-standard has-post-thumbnail hentry category-noticias category-4 description-off\" data-name=\"Federico Muci\u00f1o Garc\u00eda: Gas natural por los cielos\" data-date=\"2021-09-17T08:20:06+00:00\">\n\n\t<div class=\"post-thumbnail-wrap\">\n\t\t<div class=\"post-thumbnail\">\n\n\t\t\t<a class=\"post-thumbnail-rollover layzr-bg img-css-resize-wrapper\" aria-label=\"Post image\" href=\"https:\/\/www.epscon.mx\/en\/federico-mucino-garcia-gas-natural-por-los-cielos\/\"><img decoding=\"async\" width=\"1920\" height=\"1080\" src=\"data:image\/svg+xml,%3Csvg%20xmlns%3D&#039;http%3A%2F%2Fwww.w3.org%2F2000%2Fsvg&#039;%20viewBox%3D&#039;0%200%201920%201080&#039;%2F%3E\" class=\"attachment-full size-full preload-me aspect lazy lazy-load\" alt=\"\" sizes=\"(max-width: 1920px) 100vw, 1920px\" style=\"--ratio: 1920 \/ 1080;\" data-src=\"https:\/\/www.epscon.mx\/wp-content\/uploads\/2021\/09\/Gasoducto.png\" loading=\"eager\" data-srcset=\"https:\/\/www.epscon.mx\/wp-content\/uploads\/2021\/09\/Gasoducto.png 1920w, https:\/\/www.epscon.mx\/wp-content\/uploads\/2021\/09\/Gasoducto-300x169.png 300w, https:\/\/www.epscon.mx\/wp-content\/uploads\/2021\/09\/Gasoducto-1024x576.png 1024w, https:\/\/www.epscon.mx\/wp-content\/uploads\/2021\/09\/Gasoducto-768x432.png 768w, https:\/\/www.epscon.mx\/wp-content\/uploads\/2021\/09\/Gasoducto-1536x864.png 1536w, https:\/\/www.epscon.mx\/wp-content\/uploads\/2021\/09\/Gasoducto-16x9.png 16w\" \/><\/a>\n\t\t<\/div>\n\t<\/div>\n\n\n<div class=\"post-entry-content\">\n\n\t<h3 class=\"ele-entry-title\"><a href=\"https:\/\/www.epscon.mx\/en\/federico-mucino-garcia-gas-natural-por-los-cielos\/\" rel=\"bookmark\" title=\"Federico Muci\u00f1o Garc\u00eda: Gas natural por los cielos\">Federico Muci\u00f1o Garc\u00eda: Gas natural por los cielos<\/a><\/h3><div class=\"entry-meta\"><a href=\"https:\/\/www.epscon.mx\/en\/2021\/09\/17\/\" title=\"8:20 am\" class=\"meta-item data-link\" rel=\"bookmark\"><time class=\"entry-date updated\" datetime=\"2021-09-17T08:20:06+00:00\">17 September, 2021<\/time><\/a><\/div><div class=\"entry-excerpt\"><p>Federico Muci\u00f1o Garc\u00eda: Gas natural por los cielos Actualmente los precios del energ\u00e9tico se encuentran por encima de los 5 d\u00f3lares por mill\u00f3n de BTU tras un muy fuerte incremento en las \u00faltimas tres semanas. . Hace un a\u00f1o los precios el gas natural en Estados Unidos estaban rondando los 2 d\u00f3lares por mill\u00f3n de&hellip;<\/p>\n<\/div><a href=\"https:\/\/www.epscon.mx\/en\/federico-mucino-garcia-gas-natural-por-los-cielos\/\" target=\"\" aria-label=\"Read more about Federico Muci\u00f1o Garc\u00eda: Gas natural por los cielos\" class=\"box-button elementor-button elementor-size-xs\">Leer m\u00e1s<\/a>\n<\/div><\/article><\/div><div class=\"visible wf-cell iso-item\" data-post-id=\"811\" data-date=\"2021-09-02T13:15:33+00:00\" data-name=\"Roberto Mercado Baid\u00f3n: Caso de \u00e9xito en la compra de energ\u00eda el\u00e9ctrica\"><article class=\"post visible post-811 type-post status-publish format-standard has-post-thumbnail hentry category-noticias category-4 description-off\" data-name=\"Roberto Mercado Baid\u00f3n: Caso de \u00e9xito en la compra de energ\u00eda el\u00e9ctrica\" data-date=\"2021-09-02T13:15:33+00:00\">\n\n\t<div class=\"post-thumbnail-wrap\">\n\t\t<div class=\"post-thumbnail\">\n\n\t\t\t<a class=\"post-thumbnail-rollover layzr-bg img-css-resize-wrapper\" aria-label=\"Post image\" href=\"https:\/\/www.epscon.mx\/en\/roberto-mercado-baidon-caso-de-exito-en-la-compra-de-energia-electrica\/\"><img decoding=\"async\" width=\"1920\" height=\"1080\" src=\"data:image\/svg+xml,%3Csvg%20xmlns%3D&#039;http%3A%2F%2Fwww.w3.org%2F2000%2Fsvg&#039;%20viewBox%3D&#039;0%200%201920%201080&#039;%2F%3E\" class=\"attachment-full size-full preload-me aspect lazy lazy-load\" alt=\"\" sizes=\"(max-width: 1920px) 100vw, 1920px\" style=\"--ratio: 1920 \/ 1080;\" data-src=\"https:\/\/www.epscon.mx\/wp-content\/uploads\/2021\/09\/Aerogeneradores210920.png\" loading=\"eager\" data-srcset=\"https:\/\/www.epscon.mx\/wp-content\/uploads\/2021\/09\/Aerogeneradores210920.png 1920w, https:\/\/www.epscon.mx\/wp-content\/uploads\/2021\/09\/Aerogeneradores210920-300x169.png 300w, https:\/\/www.epscon.mx\/wp-content\/uploads\/2021\/09\/Aerogeneradores210920-1024x576.png 1024w, https:\/\/www.epscon.mx\/wp-content\/uploads\/2021\/09\/Aerogeneradores210920-768x432.png 768w, https:\/\/www.epscon.mx\/wp-content\/uploads\/2021\/09\/Aerogeneradores210920-1536x864.png 1536w, https:\/\/www.epscon.mx\/wp-content\/uploads\/2021\/09\/Aerogeneradores210920-16x9.png 16w\" \/><\/a>\n\t\t<\/div>\n\t<\/div>\n\n\n<div class=\"post-entry-content\">\n\n\t<h3 class=\"ele-entry-title\"><a href=\"https:\/\/www.epscon.mx\/en\/roberto-mercado-baidon-caso-de-exito-en-la-compra-de-energia-electrica\/\" rel=\"bookmark\" title=\"Roberto Mercado Baid\u00f3n: Caso de \u00e9xito en la compra de energ\u00eda el\u00e9ctrica\">Roberto Mercado Baid\u00f3n: Caso de \u00e9xito en la compra de energ\u00eda el\u00e9ctrica<\/a><\/h3><div class=\"entry-meta\"><a href=\"https:\/\/www.epscon.mx\/en\/2021\/09\/02\/\" title=\"1:15 pm\" class=\"meta-item data-link\" rel=\"bookmark\"><time class=\"entry-date updated\" datetime=\"2021-09-02T13:15:33+00:00\">2 September, 2021<\/time><\/a><\/div><div class=\"entry-excerpt\"><p>Roberto Mercado Baid\u00f3n: Caso de \u00e9xito en la compra de energ\u00eda el\u00e9ctrica Por cambios regulatorios ya no es posible contratar a nuevos clientes bajo el esquema de Autoabastecimiento, por lo que las empresas est\u00e1n volteando al Suministro Calificado como la opci\u00f3n para reducir sus costos de energ\u00eda el\u00e9ctrica y\/o consumir energ\u00eda limpia para reducir sus&hellip;<\/p>\n<\/div><a href=\"https:\/\/www.epscon.mx\/en\/roberto-mercado-baidon-caso-de-exito-en-la-compra-de-energia-electrica\/\" target=\"\" aria-label=\"Read more about Roberto Mercado Baid\u00f3n: Caso de \u00e9xito en la compra de energ\u00eda el\u00e9ctrica\" class=\"box-button elementor-button elementor-size-xs\">Leer m\u00e1s<\/a>\n<\/div><\/article><\/div><div class=\"visible wf-cell iso-item\" data-post-id=\"802\" data-date=\"2021-08-19T13:23:52+00:00\" data-name=\"Federico Muci\u00f1o: Comprar energ\u00eda contra viento y marea\"><article class=\"post visible post-802 type-post status-publish format-standard has-post-thumbnail hentry category-noticias category-4 description-off\" data-name=\"Federico Muci\u00f1o: Comprar energ\u00eda contra viento y marea\" data-date=\"2021-08-19T13:23:52+00:00\">\n\n\t<div class=\"post-thumbnail-wrap\">\n\t\t<div class=\"post-thumbnail\">\n\n\t\t\t<a class=\"post-thumbnail-rollover layzr-bg img-css-resize-wrapper\" aria-label=\"Post image\" href=\"https:\/\/www.epscon.mx\/en\/federico-mucino-comprar-energia-contra-viento-y-marea\/\"><img decoding=\"async\" width=\"1920\" height=\"1080\" src=\"data:image\/svg+xml,%3Csvg%20xmlns%3D&#039;http%3A%2F%2Fwww.w3.org%2F2000%2Fsvg&#039;%20viewBox%3D&#039;0%200%201920%201080&#039;%2F%3E\" class=\"attachment-full size-full preload-me aspect lazy lazy-load\" alt=\"\" sizes=\"(max-width: 1920px) 100vw, 1920px\" style=\"--ratio: 1920 \/ 1080;\" data-src=\"https:\/\/www.epscon.mx\/wp-content\/uploads\/2021\/08\/Aerogeneradores1.png\" loading=\"eager\" data-srcset=\"https:\/\/www.epscon.mx\/wp-content\/uploads\/2021\/08\/Aerogeneradores1.png 1920w, https:\/\/www.epscon.mx\/wp-content\/uploads\/2021\/08\/Aerogeneradores1-300x169.png 300w, https:\/\/www.epscon.mx\/wp-content\/uploads\/2021\/08\/Aerogeneradores1-1024x576.png 1024w, https:\/\/www.epscon.mx\/wp-content\/uploads\/2021\/08\/Aerogeneradores1-768x432.png 768w, https:\/\/www.epscon.mx\/wp-content\/uploads\/2021\/08\/Aerogeneradores1-1536x864.png 1536w, https:\/\/www.epscon.mx\/wp-content\/uploads\/2021\/08\/Aerogeneradores1-16x9.png 16w\" \/><\/a>\n\t\t<\/div>\n\t<\/div>\n\n\n<div class=\"post-entry-content\">\n\n\t<h3 class=\"ele-entry-title\"><a href=\"https:\/\/www.epscon.mx\/en\/federico-mucino-comprar-energia-contra-viento-y-marea\/\" rel=\"bookmark\" title=\"Federico Muci\u00f1o: Comprar energ\u00eda contra viento y marea\">Federico Muci\u00f1o: Comprar energ\u00eda contra viento y marea<\/a><\/h3><div class=\"entry-meta\"><a href=\"https:\/\/www.epscon.mx\/en\/2021\/08\/19\/\" title=\"1:23 pm\" class=\"meta-item data-link\" rel=\"bookmark\"><time class=\"entry-date updated\" datetime=\"2021-08-19T13:23:52+00:00\">19 August, 2021<\/time><\/a><\/div><div class=\"entry-excerpt\"><p>Federico Muci\u00f1o: Comprar energ\u00eda contra viento y marea A pesar de la turbulencia regulatoria que prevalece en M\u00e9xico desde hace m\u00e1s de dos a\u00f1os, las empresas tienen claras sus necesidades en t\u00e9rminos de energ\u00eda y est\u00e1n buscando alternativas que les ofrezcan soluciones interesantes. . Semana tras semana recibimos llamadas y correos en EPSCON de empresas&hellip;<\/p>\n<\/div><a href=\"https:\/\/www.epscon.mx\/en\/federico-mucino-comprar-energia-contra-viento-y-marea\/\" target=\"\" aria-label=\"Read more about Federico Muci\u00f1o: Comprar energ\u00eda contra viento y marea\" class=\"box-button elementor-button elementor-size-xs\">Leer m\u00e1s<\/a>\n<\/div><\/article><\/div><div class=\"visible wf-cell iso-item\" data-post-id=\"713\" data-date=\"2021-08-05T09:20:26+00:00\" data-name=\"J. Roberto Mercado Baid\u00f3n: CFE Suministro B\u00e1sico y sus costos de generaci\u00f3n\"><article class=\"post visible post-713 type-post status-publish format-standard has-post-thumbnail hentry category-noticias category-4 description-off\" data-name=\"J. Roberto Mercado Baid\u00f3n: CFE Suministro B\u00e1sico y sus costos de generaci\u00f3n\" data-date=\"2021-08-05T09:20:26+00:00\">\n\n\t<div class=\"post-thumbnail-wrap\">\n\t\t<div class=\"post-thumbnail\">\n\n\t\t\t<a class=\"post-thumbnail-rollover layzr-bg img-css-resize-wrapper\" aria-label=\"Post image\" href=\"https:\/\/www.epscon.mx\/en\/j-roberto-mercado-baidon-cfe-suministro-basico-y-sus-costos-de-generacion\/\"><img decoding=\"async\" width=\"1920\" height=\"1080\" src=\"data:image\/svg+xml,%3Csvg%20xmlns%3D&#039;http%3A%2F%2Fwww.w3.org%2F2000%2Fsvg&#039;%20viewBox%3D&#039;0%200%201920%201080&#039;%2F%3E\" class=\"attachment-full size-full preload-me aspect lazy lazy-load\" alt=\"\" sizes=\"(max-width: 1920px) 100vw, 1920px\" style=\"--ratio: 1920 \/ 1080;\" data-src=\"https:\/\/www.epscon.mx\/wp-content\/uploads\/2021\/08\/Termoelectrica1.png\" loading=\"eager\" data-srcset=\"https:\/\/www.epscon.mx\/wp-content\/uploads\/2021\/08\/Termoelectrica1.png 1920w, https:\/\/www.epscon.mx\/wp-content\/uploads\/2021\/08\/Termoelectrica1-300x169.png 300w, https:\/\/www.epscon.mx\/wp-content\/uploads\/2021\/08\/Termoelectrica1-1024x576.png 1024w, https:\/\/www.epscon.mx\/wp-content\/uploads\/2021\/08\/Termoelectrica1-768x432.png 768w, https:\/\/www.epscon.mx\/wp-content\/uploads\/2021\/08\/Termoelectrica1-1536x864.png 1536w, https:\/\/www.epscon.mx\/wp-content\/uploads\/2021\/08\/Termoelectrica1-16x9.png 16w\" \/><\/a>\n\t\t<\/div>\n\t<\/div>\n\n\n<div class=\"post-entry-content\">\n\n\t<h3 class=\"ele-entry-title\"><a href=\"https:\/\/www.epscon.mx\/en\/j-roberto-mercado-baidon-cfe-suministro-basico-y-sus-costos-de-generacion\/\" rel=\"bookmark\" title=\"J. Roberto Mercado Baid\u00f3n: CFE Suministro B\u00e1sico y sus costos de generaci\u00f3n\">J. Roberto Mercado Baid\u00f3n: CFE Suministro B\u00e1sico y sus costos de generaci\u00f3n<\/a><\/h3><div class=\"entry-meta\"><a href=\"https:\/\/www.epscon.mx\/en\/2021\/08\/05\/\" title=\"9:20 am\" class=\"meta-item data-link\" rel=\"bookmark\"><time class=\"entry-date updated\" datetime=\"2021-08-05T09:20:26+00:00\">5 August, 2021<\/time><\/a><\/div><div class=\"entry-excerpt\"><p>J. Roberto Mercado Baid\u00f3n: CFE Suministro B\u00e1sico y sus costos de generaci\u00f3n Existen muchas empresas que ya est\u00e1n gozando de precios m\u00e1s competitivos que les permiten reducir considerablemente sus costos de operaci\u00f3n. . Si revisamos el comportamiento de las tarifas de Comisi\u00f3n Federal de Electricidad (CFE) en lo que va de esta Administraci\u00f3n federal, podemos&hellip;<\/p>\n<\/div><a href=\"https:\/\/www.epscon.mx\/en\/j-roberto-mercado-baidon-cfe-suministro-basico-y-sus-costos-de-generacion\/\" target=\"\" aria-label=\"Read more about J. Roberto Mercado Baid\u00f3n: CFE Suministro B\u00e1sico y sus costos de generaci\u00f3n\" class=\"box-button elementor-button elementor-size-xs\">Leer m\u00e1s<\/a>\n<\/div><\/article><\/div><div class=\"visible wf-cell iso-item\" data-post-id=\"724\" data-date=\"2021-07-22T16:16:52+00:00\" data-name=\"Federico Muci\u00f1o: C\u00edrculo vicioso de subsidios en CFE\"><article class=\"post visible post-724 type-post status-publish format-standard has-post-thumbnail hentry category-noticias category-4 description-off\" data-name=\"Federico Muci\u00f1o: C\u00edrculo vicioso de subsidios en CFE\" data-date=\"2021-07-22T16:16:52+00:00\">\n\n\t<div class=\"post-thumbnail-wrap\">\n\t\t<div class=\"post-thumbnail\">\n\n\t\t\t<a class=\"post-thumbnail-rollover layzr-bg img-css-resize-wrapper\" aria-label=\"Post image\" href=\"https:\/\/www.epscon.mx\/en\/federico-mucino-circulo-vicioso-de-subsidios-en-cfe\/\"><img decoding=\"async\" width=\"1920\" height=\"1080\" src=\"data:image\/svg+xml,%3Csvg%20xmlns%3D&#039;http%3A%2F%2Fwww.w3.org%2F2000%2Fsvg&#039;%20viewBox%3D&#039;0%200%201920%201080&#039;%2F%3E\" class=\"attachment-full size-full preload-me aspect lazy lazy-load\" alt=\"\" sizes=\"(max-width: 1920px) 100vw, 1920px\" style=\"--ratio: 1920 \/ 1080;\" data-src=\"https:\/\/www.epscon.mx\/wp-content\/uploads\/2021\/08\/Dinero1.png\" loading=\"eager\" data-srcset=\"https:\/\/www.epscon.mx\/wp-content\/uploads\/2021\/08\/Dinero1.png 1920w, https:\/\/www.epscon.mx\/wp-content\/uploads\/2021\/08\/Dinero1-300x169.png 300w, https:\/\/www.epscon.mx\/wp-content\/uploads\/2021\/08\/Dinero1-1024x576.png 1024w, https:\/\/www.epscon.mx\/wp-content\/uploads\/2021\/08\/Dinero1-768x432.png 768w, https:\/\/www.epscon.mx\/wp-content\/uploads\/2021\/08\/Dinero1-1536x864.png 1536w, https:\/\/www.epscon.mx\/wp-content\/uploads\/2021\/08\/Dinero1-16x9.png 16w\" \/><\/a>\n\t\t<\/div>\n\t<\/div>\n\n\n<div class=\"post-entry-content\">\n\n\t<h3 class=\"ele-entry-title\"><a href=\"https:\/\/www.epscon.mx\/en\/federico-mucino-circulo-vicioso-de-subsidios-en-cfe\/\" rel=\"bookmark\" title=\"Federico Muci\u00f1o: C\u00edrculo vicioso de subsidios en CFE\">Federico Muci\u00f1o: C\u00edrculo vicioso de subsidios en CFE<\/a><\/h3><div class=\"entry-meta\"><a href=\"https:\/\/www.epscon.mx\/en\/2021\/07\/22\/\" title=\"4:16 pm\" class=\"meta-item data-link\" rel=\"bookmark\"><time class=\"entry-date updated\" datetime=\"2021-07-22T16:16:52+00:00\">22 July, 2021<\/time><\/a><\/div><div class=\"entry-excerpt\"><p>Federico Muci\u00f1o: C\u00edrculo vicioso de subsidios en CFE Un reporte de investigaci\u00f3n conducido por el Instituto Mexicano para la Competitividad (IMCO), informa sobre la existencia desde 2015 de subsidios cruzados entre CFE Transmisi\u00f3n, CFE Distribuci\u00f3n y CFE Suministrador de Servicios B\u00e1sicos (CFE SSB). Esta semana se hizo p\u00fablico el reporte de una investigaci\u00f3n conducida por&hellip;<\/p>\n<\/div><a href=\"https:\/\/www.epscon.mx\/en\/federico-mucino-circulo-vicioso-de-subsidios-en-cfe\/\" target=\"\" aria-label=\"Read more about Federico Muci\u00f1o: C\u00edrculo vicioso de subsidios en CFE\" class=\"box-button elementor-button elementor-size-xs\">Leer m\u00e1s<\/a>\n<\/div><\/article><\/div><div class=\"visible wf-cell iso-item\" data-post-id=\"743\" data-date=\"2021-07-08T06:55:42+00:00\" data-name=\"J. Roberto Mercado Baid\u00f3n: Y en electricidad\u2026 \u00bfen qu\u00e9 estamos?\"><article class=\"post visible post-743 type-post status-publish format-standard has-post-thumbnail hentry category-noticias category-4 description-off\" data-name=\"J. Roberto Mercado Baid\u00f3n: Y en electricidad\u2026 \u00bfen qu\u00e9 estamos?\" data-date=\"2021-07-08T06:55:42+00:00\">\n\n\t<div class=\"post-thumbnail-wrap\">\n\t\t<div class=\"post-thumbnail\">\n\n\t\t\t<a class=\"post-thumbnail-rollover layzr-bg img-css-resize-wrapper\" aria-label=\"Post image\" href=\"https:\/\/www.epscon.mx\/en\/j-roberto-mercado-baidon-y-en-electricidad-en-que-estamos\/\"><img decoding=\"async\" width=\"1920\" height=\"1080\" src=\"data:image\/svg+xml,%3Csvg%20xmlns%3D&#039;http%3A%2F%2Fwww.w3.org%2F2000%2Fsvg&#039;%20viewBox%3D&#039;0%200%201920%201080&#039;%2F%3E\" class=\"attachment-full size-full preload-me aspect lazy lazy-load\" alt=\"\" sizes=\"(max-width: 1920px) 100vw, 1920px\" style=\"--ratio: 1920 \/ 1080;\" data-src=\"https:\/\/www.epscon.mx\/wp-content\/uploads\/2021\/08\/Industria-Electrica1.png\" loading=\"eager\" data-srcset=\"https:\/\/www.epscon.mx\/wp-content\/uploads\/2021\/08\/Industria-Electrica1.png 1920w, https:\/\/www.epscon.mx\/wp-content\/uploads\/2021\/08\/Industria-Electrica1-300x169.png 300w, https:\/\/www.epscon.mx\/wp-content\/uploads\/2021\/08\/Industria-Electrica1-1024x576.png 1024w, https:\/\/www.epscon.mx\/wp-content\/uploads\/2021\/08\/Industria-Electrica1-768x432.png 768w, https:\/\/www.epscon.mx\/wp-content\/uploads\/2021\/08\/Industria-Electrica1-1536x864.png 1536w, https:\/\/www.epscon.mx\/wp-content\/uploads\/2021\/08\/Industria-Electrica1-16x9.png 16w\" \/><\/a>\n\t\t<\/div>\n\t<\/div>\n\n\n<div class=\"post-entry-content\">\n\n\t<h3 class=\"ele-entry-title\"><a href=\"https:\/\/www.epscon.mx\/en\/j-roberto-mercado-baidon-y-en-electricidad-en-que-estamos\/\" rel=\"bookmark\" title=\"J. Roberto Mercado Baid\u00f3n: Y en electricidad\u2026 \u00bfen qu\u00e9 estamos?\">J. Roberto Mercado Baid\u00f3n: Y en electricidad\u2026 \u00bfen qu\u00e9 estamos?<\/a><\/h3><div class=\"entry-meta\"><a href=\"https:\/\/www.epscon.mx\/en\/2021\/07\/08\/\" title=\"6:55 am\" class=\"meta-item data-link\" rel=\"bookmark\"><time class=\"entry-date updated\" datetime=\"2021-07-08T06:55:42+00:00\">8 July, 2021<\/time><\/a><\/div><div class=\"entry-excerpt\"><p>J. Roberto Mercado Baid\u00f3n: Y en electricidad\u2026 \u00bfen qu\u00e9 estamos? El Presidente L\u00f3pez Obrador menciona que su intenci\u00f3n no es desaparecer a las empresas privadas del sector el\u00e9ctrico, pero si buscar\u00e1 que CFE se quede con el 54% del mercado y el resto los particulares. En junio pasado, en una de sus ma\u00f1aneras, el Presidente&hellip;<\/p>\n<\/div><a href=\"https:\/\/www.epscon.mx\/en\/j-roberto-mercado-baidon-y-en-electricidad-en-que-estamos\/\" target=\"\" aria-label=\"Read more about J. Roberto Mercado Baid\u00f3n: Y en electricidad\u2026 \u00bfen qu\u00e9 estamos?\" class=\"box-button elementor-button elementor-size-xs\">Leer m\u00e1s<\/a>\n<\/div><\/article><\/div><div class=\"visible wf-cell iso-item\" data-post-id=\"746\" data-date=\"2021-06-02T13:55:59+00:00\" data-name=\"Roberto Mercado: Explorando Oportunidades\"><article class=\"post visible post-746 type-post status-publish format-standard has-post-thumbnail hentry category-noticias category-4 description-off\" data-name=\"Roberto Mercado: Explorando Oportunidades\" data-date=\"2021-06-02T13:55:59+00:00\">\n\n\t<div class=\"post-thumbnail-wrap\">\n\t\t<div class=\"post-thumbnail\">\n\n\t\t\t<a class=\"post-thumbnail-rollover layzr-bg img-css-resize-wrapper\" aria-label=\"Post image\" href=\"https:\/\/www.epscon.mx\/en\/roberto-mercado-explorando-oportunidades\/\"><img decoding=\"async\" width=\"1077\" height=\"720\" src=\"data:image\/svg+xml,%3Csvg%20xmlns%3D&#039;http%3A%2F%2Fwww.w3.org%2F2000%2Fsvg&#039;%20viewBox%3D&#039;0%200%201077%20720&#039;%2F%3E\" class=\"attachment-full size-full preload-me aspect lazy lazy-load\" alt=\"\" sizes=\"(max-width: 1077px) 100vw, 1077px\" style=\"--ratio: 1077 \/ 720;\" data-src=\"https:\/\/www.epscon.mx\/wp-content\/uploads\/2021\/04\/vision.jpg\" loading=\"eager\" data-srcset=\"https:\/\/www.epscon.mx\/wp-content\/uploads\/2021\/04\/vision.jpg 1077w, https:\/\/www.epscon.mx\/wp-content\/uploads\/2021\/04\/vision-300x201.jpg 300w, https:\/\/www.epscon.mx\/wp-content\/uploads\/2021\/04\/vision-1024x685.jpg 1024w, https:\/\/www.epscon.mx\/wp-content\/uploads\/2021\/04\/vision-768x513.jpg 768w\" \/><\/a>\n\t\t<\/div>\n\t<\/div>\n\n\n<div class=\"post-entry-content\">\n\n\t<h3 class=\"ele-entry-title\"><a href=\"https:\/\/www.epscon.mx\/en\/roberto-mercado-explorando-oportunidades\/\" rel=\"bookmark\" title=\"Roberto Mercado: Explorando Oportunidades\">Roberto Mercado: Explorando Oportunidades<\/a><\/h3><div class=\"entry-meta\"><a href=\"https:\/\/www.epscon.mx\/en\/2021\/06\/02\/\" title=\"1:55 pm\" class=\"meta-item data-link\" rel=\"bookmark\"><time class=\"entry-date updated\" datetime=\"2021-06-02T13:55:59+00:00\">2 June, 2021<\/time><\/a><\/div><div class=\"entry-excerpt\"><p>Roberto Mercado: Explorando Oportunidades Actualmente existe una gran variedad de suministradores de energ\u00eda el\u00e9ctrica en el Mercado El\u00e9ctrico Mayorista (MEM), que pueden proporcionar a los usuarios finales, tarifas que ofrecen un ahorro importante en sus costos de energ\u00eda el\u00e9ctrica. Estos suministradores o como se les denomina, Suministradores Calificados, cuentan con diferentes tipos de tarifas el\u00e9ctricas&hellip;<\/p>\n<\/div><a href=\"https:\/\/www.epscon.mx\/en\/roberto-mercado-explorando-oportunidades\/\" target=\"\" aria-label=\"Read more about Roberto Mercado: Explorando Oportunidades\" class=\"box-button elementor-button elementor-size-xs\">Leer m\u00e1s<\/a>\n<\/div><\/article><\/div><div class=\"visible wf-cell iso-item\" data-post-id=\"771\" data-date=\"2021-05-13T10:16:36+00:00\" data-name=\"Federico Muci\u00f1o: R\u00edo revuelto en energ\u00eda\"><article class=\"post visible post-771 type-post status-publish format-standard has-post-thumbnail hentry category-noticias category-4 description-off\" data-name=\"Federico Muci\u00f1o: R\u00edo revuelto en energ\u00eda\" data-date=\"2021-05-13T10:16:36+00:00\">\n\n\t<div class=\"post-thumbnail-wrap\">\n\t\t<div class=\"post-thumbnail\">\n\n\t\t\t<a class=\"post-thumbnail-rollover layzr-bg img-css-resize-wrapper\" aria-label=\"Post image\" href=\"https:\/\/www.epscon.mx\/en\/federico-mucino-rio-revuelto-en-energia\/\"><img decoding=\"async\" width=\"1368\" height=\"769\" src=\"data:image\/svg+xml,%3Csvg%20xmlns%3D&#039;http%3A%2F%2Fwww.w3.org%2F2000%2Fsvg&#039;%20viewBox%3D&#039;0%200%201368%20769&#039;%2F%3E\" class=\"attachment-full size-full preload-me aspect lazy lazy-load\" alt=\"\" sizes=\"(max-width: 1368px) 100vw, 1368px\" style=\"--ratio: 1368 \/ 769;\" data-src=\"https:\/\/www.epscon.mx\/wp-content\/uploads\/2021\/04\/menu.jpg\" loading=\"eager\" data-srcset=\"https:\/\/www.epscon.mx\/wp-content\/uploads\/2021\/04\/menu.jpg 1368w, https:\/\/www.epscon.mx\/wp-content\/uploads\/2021\/04\/menu-300x169.jpg 300w, https:\/\/www.epscon.mx\/wp-content\/uploads\/2021\/04\/menu-1024x576.jpg 1024w, https:\/\/www.epscon.mx\/wp-content\/uploads\/2021\/04\/menu-768x432.jpg 768w\" \/><\/a>\n\t\t<\/div>\n\t<\/div>\n\n\n<div class=\"post-entry-content\">\n\n\t<h3 class=\"ele-entry-title\"><a href=\"https:\/\/www.epscon.mx\/en\/federico-mucino-rio-revuelto-en-energia\/\" rel=\"bookmark\" title=\"Federico Muci\u00f1o: R\u00edo revuelto en energ\u00eda\">Federico Muci\u00f1o: R\u00edo revuelto en energ\u00eda<\/a><\/h3><div class=\"entry-meta\"><a href=\"https:\/\/www.epscon.mx\/en\/2021\/05\/13\/\" title=\"10:16 am\" class=\"meta-item data-link\" rel=\"bookmark\"><time class=\"entry-date updated\" datetime=\"2021-05-13T10:16:36+00:00\">13 May, 2021<\/time><\/a><\/div><div class=\"entry-excerpt\"><p>Federico Muci\u00f1o: R\u00edo revuelto en energ\u00eda A todas luces, la&nbsp;industria energ\u00e9tica&nbsp;se encuentra en una coyuntura de cambios y ajustes que dificultan mucho prever el rumbo que se seguir\u00e1 en los pr\u00f3ximos a\u00f1os. Tanto proveedores como consumidores se encuentran atentos a la evoluci\u00f3n constante de la que est\u00e1 siendo objeto el sector. Como en toda situaci\u00f3n&hellip;<\/p>\n<\/div><a href=\"https:\/\/www.epscon.mx\/en\/federico-mucino-rio-revuelto-en-energia\/\" target=\"\" aria-label=\"Read more about Federico Muci\u00f1o: R\u00edo revuelto en energ\u00eda\" class=\"box-button elementor-button elementor-size-xs\">Leer m\u00e1s<\/a>\n<\/div><\/article><\/div><div class=\"visible wf-cell iso-item\" data-post-id=\"773\" data-date=\"2021-04-28T08:41:06+00:00\" data-name=\"Roberto Mercado Baid\u00f3n: M\u00e9xico y el gas natural\"><article class=\"post visible post-773 type-post status-publish format-standard has-post-thumbnail hentry category-noticias category-4 description-off\" data-name=\"Roberto Mercado Baid\u00f3n: M\u00e9xico y el gas natural\" data-date=\"2021-04-28T08:41:06+00:00\">\n\n\t<div class=\"post-thumbnail-wrap\">\n\t\t<div class=\"post-thumbnail\">\n\n\t\t\t<a class=\"post-thumbnail-rollover layzr-bg img-css-resize-wrapper\" aria-label=\"Post image\" href=\"https:\/\/www.epscon.mx\/en\/roberto-mercado-baidon-mexico-y-el-gas-natural\/\"><img decoding=\"async\" width=\"1920\" height=\"1080\" src=\"data:image\/svg+xml,%3Csvg%20xmlns%3D&#039;http%3A%2F%2Fwww.w3.org%2F2000%2Fsvg&#039;%20viewBox%3D&#039;0%200%201920%201080&#039;%2F%3E\" class=\"attachment-full size-full preload-me aspect lazy lazy-load\" alt=\"\" sizes=\"(max-width: 1920px) 100vw, 1920px\" style=\"--ratio: 1920 \/ 1080;\" data-src=\"https:\/\/www.epscon.mx\/wp-content\/uploads\/2021\/04\/Gas-Natural1.png\" loading=\"eager\" data-srcset=\"https:\/\/www.epscon.mx\/wp-content\/uploads\/2021\/04\/Gas-Natural1.png 1920w, https:\/\/www.epscon.mx\/wp-content\/uploads\/2021\/04\/Gas-Natural1-300x169.png 300w, https:\/\/www.epscon.mx\/wp-content\/uploads\/2021\/04\/Gas-Natural1-1024x576.png 1024w, https:\/\/www.epscon.mx\/wp-content\/uploads\/2021\/04\/Gas-Natural1-768x432.png 768w, https:\/\/www.epscon.mx\/wp-content\/uploads\/2021\/04\/Gas-Natural1-1536x864.png 1536w, https:\/\/www.epscon.mx\/wp-content\/uploads\/2021\/04\/Gas-Natural1-16x9.png 16w\" \/><\/a>\n\t\t<\/div>\n\t<\/div>\n\n\n<div class=\"post-entry-content\">\n\n\t<h3 class=\"ele-entry-title\"><a href=\"https:\/\/www.epscon.mx\/en\/roberto-mercado-baidon-mexico-y-el-gas-natural\/\" rel=\"bookmark\" title=\"Roberto Mercado Baid\u00f3n: M\u00e9xico y el gas natural\">Roberto Mercado Baid\u00f3n: M\u00e9xico y el gas natural<\/a><\/h3><div class=\"entry-meta\"><a href=\"https:\/\/www.epscon.mx\/en\/2021\/04\/28\/\" title=\"8:41 am\" class=\"meta-item data-link\" rel=\"bookmark\"><time class=\"entry-date updated\" datetime=\"2021-04-28T08:41:06+00:00\">28 April, 2021<\/time><\/a><\/div><div class=\"entry-excerpt\"><p>Roberto Mercado Baid\u00f3n: M\u00e9xico y el gas natural Existe una alta dependencia a la importaci\u00f3n de este combustible. . Para M\u00e9xico, el gas natural es el combustible m\u00e1s importante para la generaci\u00f3n de energ\u00eda el\u00e9ctrica y tambi\u00e9n es muy importante para su industria. El 60 por ciento de la energ\u00eda el\u00e9ctrica en M\u00e9xico se genera&hellip;<\/p>\n<\/div><a href=\"https:\/\/www.epscon.mx\/en\/roberto-mercado-baidon-mexico-y-el-gas-natural\/\" target=\"\" aria-label=\"Read more about Roberto Mercado Baid\u00f3n: M\u00e9xico y el gas natural\" class=\"box-button elementor-button elementor-size-xs\">Leer m\u00e1s<\/a>\n<\/div><\/article><\/div><div class=\"visible wf-cell iso-item\" data-post-id=\"454\" data-date=\"2021-04-23T00:01:36+00:00\" data-name=\"Roberto Mercado Baid\u00f3n: El Suministro B\u00e1sico y su tendencia\"><article class=\"post visible post-454 type-post status-publish format-standard has-post-thumbnail hentry category-noticias category-4 description-off\" data-name=\"Roberto Mercado Baid\u00f3n: El Suministro B\u00e1sico y su tendencia\" data-date=\"2021-04-23T00:01:36+00:00\">\n\n\t<div class=\"post-thumbnail-wrap\">\n\t\t<div class=\"post-thumbnail\">\n\n\t\t\t<a class=\"post-thumbnail-rollover layzr-bg img-css-resize-wrapper\" aria-label=\"Post image\" href=\"https:\/\/www.epscon.mx\/en\/roberto-mercado-baidon-el-suministro-basico-y-su-tendencia\/\"><img decoding=\"async\" width=\"1100\" height=\"588\" src=\"data:image\/svg+xml,%3Csvg%20xmlns%3D&#039;http%3A%2F%2Fwww.w3.org%2F2000%2Fsvg&#039;%20viewBox%3D&#039;0%200%201100%20588&#039;%2F%3E\" class=\"attachment-full size-full preload-me aspect lazy lazy-load\" alt=\"\" sizes=\"(max-width: 1100px) 100vw, 1100px\" style=\"--ratio: 1100 \/ 588;\" data-src=\"https:\/\/www.epscon.mx\/wp-content\/uploads\/2021\/04\/El-Suministro-Ba\u0301sico-y-su-tendencia.jpg\" loading=\"eager\" data-srcset=\"https:\/\/www.epscon.mx\/wp-content\/uploads\/2021\/04\/El-Suministro-Ba\u0301sico-y-su-tendencia.jpg 1100w, https:\/\/www.epscon.mx\/wp-content\/uploads\/2021\/04\/El-Suministro-Ba\u0301sico-y-su-tendencia-300x160.jpg 300w, https:\/\/www.epscon.mx\/wp-content\/uploads\/2021\/04\/El-Suministro-Ba\u0301sico-y-su-tendencia-1024x547.jpg 1024w, https:\/\/www.epscon.mx\/wp-content\/uploads\/2021\/04\/El-Suministro-Ba\u0301sico-y-su-tendencia-768x411.jpg 768w\" \/><\/a>\n\t\t<\/div>\n\t<\/div>\n\n\n<div class=\"post-entry-content\">\n\n\t<h3 class=\"ele-entry-title\"><a href=\"https:\/\/www.epscon.mx\/en\/roberto-mercado-baidon-el-suministro-basico-y-su-tendencia\/\" rel=\"bookmark\" title=\"Roberto Mercado Baid\u00f3n: El Suministro B\u00e1sico y su tendencia\">Roberto Mercado Baid\u00f3n: El Suministro B\u00e1sico y su tendencia<\/a><\/h3><div class=\"entry-meta\"><a href=\"https:\/\/www.epscon.mx\/en\/2021\/04\/23\/\" title=\"12:01 am\" class=\"meta-item data-link\" rel=\"bookmark\"><time class=\"entry-date updated\" datetime=\"2021-04-23T00:01:36+00:00\">23 April, 2021<\/time><\/a><\/div><div class=\"entry-excerpt\"><p>Roberto Mercado Baid\u00f3n: El Suministro B\u00e1sico y su tendencia En marzo y septiembre del 2016, se llevaron a cabo las primeras dos subastas donde el \u00fanico comprador fue CFE SSB . La Ley de la Industria El\u00e9ctrica (LIE) menciona que para que&nbsp;CFE Suministrador de Servicios B\u00e1sicos&nbsp;(CFE SSB) pueda adquirir m\u00e1s energ\u00eda, lo podr\u00e1 hacer exclusivamente&hellip;<\/p>\n<\/div><a href=\"https:\/\/www.epscon.mx\/en\/roberto-mercado-baidon-el-suministro-basico-y-su-tendencia\/\" target=\"\" aria-label=\"Read more about Roberto Mercado Baid\u00f3n: El Suministro B\u00e1sico y su tendencia\" class=\"box-button elementor-button elementor-size-xs\">Leer m\u00e1s<\/a>\n<\/div><\/article><\/div><div class=\"visible wf-cell iso-item\" data-post-id=\"784\" data-date=\"2021-03-24T10:30:07+00:00\" data-name=\"Roberto Mercado: Situaci\u00f3n ante la suspensi\u00f3n de la Reforma a la LIE\"><article class=\"post visible post-784 type-post status-publish format-standard has-post-thumbnail hentry category-noticias category-4 description-off\" data-name=\"Roberto Mercado: Situaci\u00f3n ante la suspensi\u00f3n de la Reforma a la LIE\" data-date=\"2021-03-24T10:30:07+00:00\">\n\n\t<div class=\"post-thumbnail-wrap\">\n\t\t<div class=\"post-thumbnail\">\n\n\t\t\t<a class=\"post-thumbnail-rollover layzr-bg img-css-resize-wrapper\" aria-label=\"Post image\" href=\"https:\/\/www.epscon.mx\/en\/roberto-mercado-situacion-ante-la-suspension-de-la-reforma-a-la-lie\/\"><img decoding=\"async\" width=\"1920\" height=\"1080\" src=\"data:image\/svg+xml,%3Csvg%20xmlns%3D&#039;http%3A%2F%2Fwww.w3.org%2F2000%2Fsvg&#039;%20viewBox%3D&#039;0%200%201920%201080&#039;%2F%3E\" class=\"attachment-full size-full preload-me aspect lazy lazy-load\" alt=\"\" sizes=\"(max-width: 1920px) 100vw, 1920px\" style=\"--ratio: 1920 \/ 1080;\" data-src=\"https:\/\/www.epscon.mx\/wp-content\/uploads\/2021\/08\/Subestacion-Elec.-1.png\" loading=\"eager\" data-srcset=\"https:\/\/www.epscon.mx\/wp-content\/uploads\/2021\/08\/Subestacion-Elec.-1.png 1920w, https:\/\/www.epscon.mx\/wp-content\/uploads\/2021\/08\/Subestacion-Elec.-1-300x169.png 300w, https:\/\/www.epscon.mx\/wp-content\/uploads\/2021\/08\/Subestacion-Elec.-1-1024x576.png 1024w, https:\/\/www.epscon.mx\/wp-content\/uploads\/2021\/08\/Subestacion-Elec.-1-768x432.png 768w, https:\/\/www.epscon.mx\/wp-content\/uploads\/2021\/08\/Subestacion-Elec.-1-1536x864.png 1536w, https:\/\/www.epscon.mx\/wp-content\/uploads\/2021\/08\/Subestacion-Elec.-1-16x9.png 16w\" \/><\/a>\n\t\t<\/div>\n\t<\/div>\n\n\n<div class=\"post-entry-content\">\n\n\t<h3 class=\"ele-entry-title\"><a href=\"https:\/\/www.epscon.mx\/en\/roberto-mercado-situacion-ante-la-suspension-de-la-reforma-a-la-lie\/\" rel=\"bookmark\" title=\"Roberto Mercado: Situaci\u00f3n ante la suspensi\u00f3n de la Reforma a la LIE\">Roberto Mercado: Situaci\u00f3n ante la suspensi\u00f3n de la Reforma a la LIE<\/a><\/h3><div class=\"entry-meta\"><a href=\"https:\/\/www.epscon.mx\/en\/2021\/03\/24\/\" title=\"10:30 am\" class=\"meta-item data-link\" rel=\"bookmark\"><time class=\"entry-date updated\" datetime=\"2021-03-24T10:30:07+00:00\">24 March, 2021<\/time><\/a><\/div><div class=\"entry-excerpt\"><p>Roberto Mercado: Situaci\u00f3n ante la suspensi\u00f3n de la Reforma a la LIE Ante la incertidumbre que ha provocado el Gobierno actual en el sector el\u00e9ctrico, hemos visto empresas que han decidido no hacer nada y seguir comprando energ\u00eda a CFE Suministrador de Servicios B\u00e1sicos. . El 9 de marzo de este a\u00f1o se promulg\u00f3 el&hellip;<\/p>\n<\/div><a href=\"https:\/\/www.epscon.mx\/en\/roberto-mercado-situacion-ante-la-suspension-de-la-reforma-a-la-lie\/\" target=\"\" aria-label=\"Read more about Roberto Mercado: Situaci\u00f3n ante la suspensi\u00f3n de la Reforma a la LIE\" class=\"box-button elementor-button elementor-size-xs\">Leer m\u00e1s<\/a>\n<\/div><\/article><\/div><div class=\"visible wf-cell iso-item\" data-post-id=\"787\" data-date=\"2021-02-25T10:00:10+00:00\" data-name=\"Roberto Mercado: Y ahora\u2026 \u00bfqu\u00e9 hacemos?\"><article class=\"post visible post-787 type-post status-publish format-standard has-post-thumbnail hentry category-noticias category-4 description-off\" data-name=\"Roberto Mercado: Y ahora\u2026 \u00bfqu\u00e9 hacemos?\" data-date=\"2021-02-25T10:00:10+00:00\">\n\n\t<div class=\"post-thumbnail-wrap\">\n\t\t<div class=\"post-thumbnail\">\n\n\t\t\t<a class=\"post-thumbnail-rollover layzr-bg img-css-resize-wrapper\" aria-label=\"Post image\" href=\"https:\/\/www.epscon.mx\/en\/roberto-mercado-y-ahora-que-hacemos\/\"><img decoding=\"async\" width=\"1920\" height=\"1080\" src=\"data:image\/svg+xml,%3Csvg%20xmlns%3D&#039;http%3A%2F%2Fwww.w3.org%2F2000%2Fsvg&#039;%20viewBox%3D&#039;0%200%201920%201080&#039;%2F%3E\" class=\"attachment-full size-full preload-me aspect lazy lazy-load\" alt=\"\" sizes=\"(max-width: 1920px) 100vw, 1920px\" style=\"--ratio: 1920 \/ 1080;\" data-src=\"https:\/\/www.epscon.mx\/wp-content\/uploads\/2021\/08\/Industria1.png\" loading=\"eager\" data-srcset=\"https:\/\/www.epscon.mx\/wp-content\/uploads\/2021\/08\/Industria1.png 1920w, https:\/\/www.epscon.mx\/wp-content\/uploads\/2021\/08\/Industria1-300x169.png 300w, https:\/\/www.epscon.mx\/wp-content\/uploads\/2021\/08\/Industria1-1024x576.png 1024w, https:\/\/www.epscon.mx\/wp-content\/uploads\/2021\/08\/Industria1-768x432.png 768w, https:\/\/www.epscon.mx\/wp-content\/uploads\/2021\/08\/Industria1-1536x864.png 1536w, https:\/\/www.epscon.mx\/wp-content\/uploads\/2021\/08\/Industria1-16x9.png 16w\" \/><\/a>\n\t\t<\/div>\n\t<\/div>\n\n\n<div class=\"post-entry-content\">\n\n\t<h3 class=\"ele-entry-title\"><a href=\"https:\/\/www.epscon.mx\/en\/roberto-mercado-y-ahora-que-hacemos\/\" rel=\"bookmark\" title=\"Roberto Mercado: Y ahora\u2026 \u00bfqu\u00e9 hacemos?\">Roberto Mercado: Y ahora\u2026 \u00bfqu\u00e9 hacemos?<\/a><\/h3><div class=\"entry-meta\"><a href=\"https:\/\/www.epscon.mx\/en\/2021\/02\/25\/\" title=\"10:00 am\" class=\"meta-item data-link\" rel=\"bookmark\"><time class=\"entry-date updated\" datetime=\"2021-02-25T10:00:10+00:00\">25 February, 2021<\/time><\/a><\/div><div class=\"entry-excerpt\"><p>Roberto Mercado: Y ahora\u2026 \u00bfqu\u00e9 hacemos? Dos sucesos importantes en el sector el\u00e9ctrico. . El inicio de este a\u00f1o ha sido la continuaci\u00f3n del reto para el mundo por la situaci\u00f3n provocada por el Covid-19. Enfoc\u00e1ndonos solo en nuestro Pa\u00eds, adem\u00e1s de la pandemia, nos seguimos enfrentando a problemas que tienen a\u00f1os en M\u00e9xico sin&hellip;<\/p>\n<\/div><a href=\"https:\/\/www.epscon.mx\/en\/roberto-mercado-y-ahora-que-hacemos\/\" target=\"\" aria-label=\"Read more about Roberto Mercado: Y ahora\u2026 \u00bfqu\u00e9 hacemos?\" class=\"box-button elementor-button elementor-size-xs\">Leer m\u00e1s<\/a>\n<\/div><\/article><\/div><div class=\"visible wf-cell iso-item\" data-post-id=\"283\" data-date=\"2021-02-21T05:48:14+00:00\" data-name=\"Cambios a la Ley de Industria El\u00e9ctrica atenta contra tratados internacionales: Epscon\"><article class=\"post visible post-283 type-post status-publish format-standard has-post-thumbnail hentry category-noticias category-4 description-off\" data-name=\"Cambios a la Ley de Industria El\u00e9ctrica atenta contra tratados internacionales: Epscon\" data-date=\"2021-02-21T05:48:14+00:00\">\n\n\t<div class=\"post-thumbnail-wrap\">\n\t\t<div class=\"post-thumbnail\">\n\n\t\t\t<a class=\"post-thumbnail-rollover layzr-bg img-css-resize-wrapper\" aria-label=\"Post image\" href=\"https:\/\/www.epscon.mx\/en\/cambios-a-la-ley-de-industria-electrica-atenta-contra-tratados-internacionales-epscon\/\"><img decoding=\"async\" width=\"1100\" height=\"588\" src=\"data:image\/svg+xml,%3Csvg%20xmlns%3D&#039;http%3A%2F%2Fwww.w3.org%2F2000%2Fsvg&#039;%20viewBox%3D&#039;0%200%201100%20588&#039;%2F%3E\" class=\"attachment-full size-full preload-me aspect lazy lazy-load\" alt=\"\" sizes=\"(max-width: 1100px) 100vw, 1100px\" style=\"--ratio: 1100 \/ 588;\" data-src=\"https:\/\/www.epscon.mx\/wp-content\/uploads\/2021\/04\/Cambios-a-la-Ley-de-la-Industria-Ele\u0301ctrica.jpg\" loading=\"eager\" data-srcset=\"https:\/\/www.epscon.mx\/wp-content\/uploads\/2021\/04\/Cambios-a-la-Ley-de-la-Industria-Ele\u0301ctrica.jpg 1100w, https:\/\/www.epscon.mx\/wp-content\/uploads\/2021\/04\/Cambios-a-la-Ley-de-la-Industria-Ele\u0301ctrica-300x160.jpg 300w, https:\/\/www.epscon.mx\/wp-content\/uploads\/2021\/04\/Cambios-a-la-Ley-de-la-Industria-Ele\u0301ctrica-1024x547.jpg 1024w, https:\/\/www.epscon.mx\/wp-content\/uploads\/2021\/04\/Cambios-a-la-Ley-de-la-Industria-Ele\u0301ctrica-768x411.jpg 768w\" \/><\/a>\n\t\t<\/div>\n\t<\/div>\n\n\n<div class=\"post-entry-content\">\n\n\t<h3 class=\"ele-entry-title\"><a href=\"https:\/\/www.epscon.mx\/en\/cambios-a-la-ley-de-industria-electrica-atenta-contra-tratados-internacionales-epscon\/\" rel=\"bookmark\" title=\"Cambios a la Ley de Industria El\u00e9ctrica atenta contra tratados internacionales: Epscon\">Cambios a la Ley de Industria El\u00e9ctrica atenta contra tratados internacionales: Epscon<\/a><\/h3><div class=\"entry-meta\"><a href=\"https:\/\/www.epscon.mx\/en\/2021\/02\/21\/\" title=\"5:48 am\" class=\"meta-item data-link\" rel=\"bookmark\"><time class=\"entry-date updated\" datetime=\"2021-02-21T05:48:14+00:00\">21 February, 2021<\/time><\/a><\/div><div class=\"entry-excerpt\"><p>Cambios a la Ley de Industria El\u00e9ctrica atenta contra tratados internacionales: Epscon El&nbsp;Gobierno de M\u00e9xico&nbsp;ha recrudecido su lucha por el&nbsp;control el\u00e9ctrico&nbsp;con una iniciativa de&nbsp;reforma promovida por el presidente Andr\u00e9s Manuel L\u00f3pez Obrador&nbsp;que ha causado m\u00e1s choques con el sector privado y una confrontaci\u00f3n de los tres poderes tras una decisi\u00f3n en favor de la libre&hellip;<\/p>\n<\/div><a href=\"https:\/\/www.epscon.mx\/en\/cambios-a-la-ley-de-industria-electrica-atenta-contra-tratados-internacionales-epscon\/\" target=\"\" aria-label=\"Read more about Cambios a la Ley de Industria El\u00e9ctrica atenta contra tratados internacionales: Epscon\" class=\"box-button elementor-button elementor-size-xs\">Leer m\u00e1s<\/a>\n<\/div><\/article><\/div><div class=\"visible wf-cell iso-item\" data-post-id=\"309\" data-date=\"2021-02-10T13:22:44+00:00\" data-name=\"Federico Muci\u00f1o Garc\u00eda: A contracorriente (el\u00e9ctrica)\"><article class=\"post visible post-309 type-post status-publish format-standard has-post-thumbnail hentry category-noticias category-4 description-off\" data-name=\"Federico Muci\u00f1o Garc\u00eda: A contracorriente (el\u00e9ctrica)\" data-date=\"2021-02-10T13:22:44+00:00\">\n\n\t<div class=\"post-thumbnail-wrap\">\n\t\t<div class=\"post-thumbnail\">\n\n\t\t\t<a class=\"post-thumbnail-rollover layzr-bg img-css-resize-wrapper\" aria-label=\"Post image\" href=\"https:\/\/www.epscon.mx\/en\/el-cambio-climatico-amenaza-con-modificar-fuertemente-los-ecosistemas-en-todo-el-planeta\/\"><img decoding=\"async\" width=\"1100\" height=\"588\" src=\"data:image\/svg+xml,%3Csvg%20xmlns%3D&#039;http%3A%2F%2Fwww.w3.org%2F2000%2Fsvg&#039;%20viewBox%3D&#039;0%200%201100%20588&#039;%2F%3E\" class=\"attachment-full size-full preload-me aspect lazy lazy-load\" alt=\"\" sizes=\"(max-width: 1100px) 100vw, 1100px\" style=\"--ratio: 1100 \/ 588;\" data-src=\"https:\/\/www.epscon.mx\/wp-content\/uploads\/2021\/04\/A-contracorriente-ele\u0301ctrica.jpg\" loading=\"eager\" data-srcset=\"https:\/\/www.epscon.mx\/wp-content\/uploads\/2021\/04\/A-contracorriente-ele\u0301ctrica.jpg 1100w, https:\/\/www.epscon.mx\/wp-content\/uploads\/2021\/04\/A-contracorriente-ele\u0301ctrica-300x160.jpg 300w, https:\/\/www.epscon.mx\/wp-content\/uploads\/2021\/04\/A-contracorriente-ele\u0301ctrica-1024x547.jpg 1024w, https:\/\/www.epscon.mx\/wp-content\/uploads\/2021\/04\/A-contracorriente-ele\u0301ctrica-768x411.jpg 768w\" \/><\/a>\n\t\t<\/div>\n\t<\/div>\n\n\n<div class=\"post-entry-content\">\n\n\t<h3 class=\"ele-entry-title\"><a href=\"https:\/\/www.epscon.mx\/en\/el-cambio-climatico-amenaza-con-modificar-fuertemente-los-ecosistemas-en-todo-el-planeta\/\" rel=\"bookmark\" title=\"Federico Muci\u00f1o Garc\u00eda: A contracorriente (el\u00e9ctrica)\">Federico Muci\u00f1o Garc\u00eda: A contracorriente (el\u00e9ctrica)<\/a><\/h3><div class=\"entry-meta\"><a href=\"https:\/\/www.epscon.mx\/en\/2021\/02\/10\/\" title=\"1:22 pm\" class=\"meta-item data-link\" rel=\"bookmark\"><time class=\"entry-date updated\" datetime=\"2021-02-10T13:22:44+00:00\">10 February, 2021<\/time><\/a><\/div><div class=\"entry-excerpt\"><p>El cambio clim\u00e1tico amenaza con modificar fuertemente los ecosistemas en todo el planeta. El siglo XXI presenta para la humanidad una serie de retos sin precedentes. Sin duda el m\u00e1s importante de eso retos es el&nbsp;cambio clim\u00e1tico, que amenaza con modificar fuertemente los ecosistemas en todo el planeta y con ello pone en riesgo la&hellip;<\/p>\n<\/div><a href=\"https:\/\/www.epscon.mx\/en\/el-cambio-climatico-amenaza-con-modificar-fuertemente-los-ecosistemas-en-todo-el-planeta\/\" target=\"\" aria-label=\"Read more about Federico Muci\u00f1o Garc\u00eda: A contracorriente (el\u00e9ctrica)\" class=\"box-button elementor-button elementor-size-xs\">Leer m\u00e1s<\/a>\n<\/div><\/article><\/div><div class=\"visible wf-cell iso-item\" data-post-id=\"792\" data-date=\"2021-01-28T09:46:31+00:00\" data-name=\"Roberto Mercado Baid\u00f3n: El Suministro B\u00e1sico y su tendencia\"><article class=\"post visible post-792 type-post status-publish format-standard has-post-thumbnail hentry category-noticias category-4 description-off\" data-name=\"Roberto Mercado Baid\u00f3n: El Suministro B\u00e1sico y su tendencia\" data-date=\"2021-01-28T09:46:31+00:00\">\n\n\t<div class=\"post-thumbnail-wrap\">\n\t\t<div class=\"post-thumbnail\">\n\n\t\t\t<a class=\"post-thumbnail-rollover layzr-bg img-css-resize-wrapper\" aria-label=\"Post image\" href=\"https:\/\/www.epscon.mx\/en\/roberto-mercado-baidon-el-suministro-basico-y-su-tendencia-2\/\"><img decoding=\"async\" width=\"1920\" height=\"1080\" src=\"data:image\/svg+xml,%3Csvg%20xmlns%3D&#039;http%3A%2F%2Fwww.w3.org%2F2000%2Fsvg&#039;%20viewBox%3D&#039;0%200%201920%201080&#039;%2F%3E\" class=\"attachment-full size-full preload-me aspect lazy lazy-load\" alt=\"\" sizes=\"(max-width: 1920px) 100vw, 1920px\" style=\"--ratio: 1920 \/ 1080;\" data-src=\"https:\/\/www.epscon.mx\/wp-content\/uploads\/2021\/08\/Cd.Mty_.png\" loading=\"eager\" data-srcset=\"https:\/\/www.epscon.mx\/wp-content\/uploads\/2021\/08\/Cd.Mty_.png 1920w, https:\/\/www.epscon.mx\/wp-content\/uploads\/2021\/08\/Cd.Mty_-300x169.png 300w, https:\/\/www.epscon.mx\/wp-content\/uploads\/2021\/08\/Cd.Mty_-1024x576.png 1024w, https:\/\/www.epscon.mx\/wp-content\/uploads\/2021\/08\/Cd.Mty_-768x432.png 768w, https:\/\/www.epscon.mx\/wp-content\/uploads\/2021\/08\/Cd.Mty_-1536x864.png 1536w, https:\/\/www.epscon.mx\/wp-content\/uploads\/2021\/08\/Cd.Mty_-16x9.png 16w\" \/><\/a>\n\t\t<\/div>\n\t<\/div>\n\n\n<div class=\"post-entry-content\">\n\n\t<h3 class=\"ele-entry-title\"><a href=\"https:\/\/www.epscon.mx\/en\/roberto-mercado-baidon-el-suministro-basico-y-su-tendencia-2\/\" rel=\"bookmark\" title=\"Roberto Mercado Baid\u00f3n: El Suministro B\u00e1sico y su tendencia\">Roberto Mercado Baid\u00f3n: El Suministro B\u00e1sico y su tendencia<\/a><\/h3><div class=\"entry-meta\"><a href=\"https:\/\/www.epscon.mx\/en\/2021\/01\/28\/\" title=\"9:46 am\" class=\"meta-item data-link\" rel=\"bookmark\"><time class=\"entry-date updated\" datetime=\"2021-01-28T09:46:31+00:00\">28 January, 2021<\/time><\/a><\/div><div class=\"entry-excerpt\"><p>Roberto Mercado Baid\u00f3n: El Suministro B\u00e1sico y su tendencia En marzo y septiembre del 2016, se llevaron a cabo las primeras dos subastas donde el \u00fanico comprador fue CFE SSB. . La Ley de la Industria El\u00e9ctrica (LIE) menciona que para que\u00a0CFE Suministrador de Servicios B\u00e1sicos\u00a0(CFE SSB) pueda adquirir m\u00e1s energ\u00eda, lo podr\u00e1 hacer exclusivamente&hellip;<\/p>\n<\/div><a href=\"https:\/\/www.epscon.mx\/en\/roberto-mercado-baidon-el-suministro-basico-y-su-tendencia-2\/\" target=\"\" aria-label=\"Read more about Roberto Mercado Baid\u00f3n: El Suministro B\u00e1sico y su tendencia\" class=\"box-button elementor-button elementor-size-xs\">Leer m\u00e1s<\/a>\n<\/div><\/article><\/div><div class=\"visible wf-cell iso-item\" data-post-id=\"796\" data-date=\"2021-01-13T09:00:33+00:00\" data-name=\"Federico Muci\u00f1o: \u00daltima llamada para la compra de energ\u00eda\"><article class=\"post visible post-796 type-post status-publish format-standard has-post-thumbnail hentry category-noticias category-4 description-off\" data-name=\"Federico Muci\u00f1o: \u00daltima llamada para la compra de energ\u00eda\" data-date=\"2021-01-13T09:00:33+00:00\">\n\n\t<div class=\"post-thumbnail-wrap\">\n\t\t<div class=\"post-thumbnail\">\n\n\t\t\t<a class=\"post-thumbnail-rollover layzr-bg img-css-resize-wrapper\" aria-label=\"Post image\" href=\"https:\/\/www.epscon.mx\/en\/federico-mucino-ultima-llamada-para-la-compra-de-energia\/\"><img decoding=\"async\" width=\"1920\" height=\"1080\" src=\"data:image\/svg+xml,%3Csvg%20xmlns%3D&#039;http%3A%2F%2Fwww.w3.org%2F2000%2Fsvg&#039;%20viewBox%3D&#039;0%200%201920%201080&#039;%2F%3E\" class=\"attachment-full size-full preload-me aspect lazy lazy-load\" alt=\"\" sizes=\"(max-width: 1920px) 100vw, 1920px\" style=\"--ratio: 1920 \/ 1080;\" data-src=\"https:\/\/www.epscon.mx\/wp-content\/uploads\/2021\/08\/Paneles-y-aerogeneradores.png\" loading=\"eager\" data-srcset=\"https:\/\/www.epscon.mx\/wp-content\/uploads\/2021\/08\/Paneles-y-aerogeneradores.png 1920w, https:\/\/www.epscon.mx\/wp-content\/uploads\/2021\/08\/Paneles-y-aerogeneradores-300x169.png 300w, https:\/\/www.epscon.mx\/wp-content\/uploads\/2021\/08\/Paneles-y-aerogeneradores-1024x576.png 1024w, https:\/\/www.epscon.mx\/wp-content\/uploads\/2021\/08\/Paneles-y-aerogeneradores-768x432.png 768w, https:\/\/www.epscon.mx\/wp-content\/uploads\/2021\/08\/Paneles-y-aerogeneradores-1536x864.png 1536w, https:\/\/www.epscon.mx\/wp-content\/uploads\/2021\/08\/Paneles-y-aerogeneradores-16x9.png 16w\" \/><\/a>\n\t\t<\/div>\n\t<\/div>\n\n\n<div class=\"post-entry-content\">\n\n\t<h3 class=\"ele-entry-title\"><a href=\"https:\/\/www.epscon.mx\/en\/federico-mucino-ultima-llamada-para-la-compra-de-energia\/\" rel=\"bookmark\" title=\"Federico Muci\u00f1o: \u00daltima llamada para la compra de energ\u00eda\">Federico Muci\u00f1o: \u00daltima llamada para la compra de energ\u00eda<\/a><\/h3><div class=\"entry-meta\"><a href=\"https:\/\/www.epscon.mx\/en\/2021\/01\/13\/\" title=\"9:00 am\" class=\"meta-item data-link\" rel=\"bookmark\"><time class=\"entry-date updated\" datetime=\"2021-01-13T09:00:33+00:00\">13 January, 2021<\/time><\/a><\/div><div class=\"entry-excerpt\"><p>Federico Muci\u00f1o: \u00daltima llamada para la compra de energ\u00eda Es ampliamente conocido que la regulaci\u00f3n energ\u00e9tica en M\u00e9xico pas\u00f3 por varios cambios durante el a\u00f1o que acaba de terminar. . Terminamos hace un par de semanas un 2020 muy complejo, sin embargo, no se terminaron junto con el a\u00f1o los&nbsp;grandes retos que surgieron&nbsp;en ese periodo.&hellip;<\/p>\n<\/div><a href=\"https:\/\/www.epscon.mx\/en\/federico-mucino-ultima-llamada-para-la-compra-de-energia\/\" target=\"\" aria-label=\"Read more about Federico Muci\u00f1o: \u00daltima llamada para la compra de energ\u00eda\" class=\"box-button elementor-button elementor-size-xs\">Leer m\u00e1s<\/a>\n<\/div><\/article><\/div><\/div><!-- iso-container|iso-grid --><\/div>\t\t\t\t<\/div>\n\t\t\t\t<\/div>\n\t\t\t\t\t<\/div>\n\t\t<\/div>\n\t\t\t\t\t<\/div>\n\t\t<\/section>\n\t\t\t\t<section class=\"elementor-section elementor-top-section elementor-element elementor-element-19ca44e elementor-section-boxed elementor-section-height-default elementor-section-height-default\" data-id=\"19ca44e\" data-element_type=\"section\" data-e-type=\"section\">\n\t\t\t\t\t\t<div class=\"elementor-container elementor-column-gap-default\">\n\t\t\t\t\t<div class=\"elementor-column elementor-col-100 elementor-top-column elementor-element elementor-element-a9104c6\" data-id=\"a9104c6\" data-element_type=\"column\" data-e-type=\"column\">\n\t\t\t<div class=\"elementor-widget-wrap\">\n\t\t\t\t\t\t\t<\/div>\n\t\t<\/div>\n\t\t\t\t\t<\/div>\n\t\t<\/section>\n\t\t\t\t<\/div>","protected":false},"excerpt":{"rendered":"<p>Suscribete y se el primero en enterarse de las ultimas noticias&nbsp; Roberto Mercado Baid\u00f3n: El Suministro B\u00e1sico y su tendencia 23 abril, 2021 En marzo y septiembre del 2016, se llevaron a cabo las primeras dos subastas donde el \u00fanico comprador fue CFE SSB La&nbsp;tercera subasta&nbsp;ha sido la \u00faltima que se ha realizado debido a&hellip;<\/p>","protected":false},"author":1,"featured_media":0,"parent":0,"menu_order":0,"comment_status":"closed","ping_status":"closed","template":"","meta":{"footnotes":""},"class_list":["post-287","page","type-page","status-publish","hentry","category-4","description-off"],"_links":{"self":[{"href":"https:\/\/www.epscon.mx\/en\/wp-json\/wp\/v2\/pages\/287","targetHints":{"allow":["GET"]}}],"collection":[{"href":"https:\/\/www.epscon.mx\/en\/wp-json\/wp\/v2\/pages"}],"about":[{"href":"https:\/\/www.epscon.mx\/en\/wp-json\/wp\/v2\/types\/page"}],"author":[{"embeddable":true,"href":"https:\/\/www.epscon.mx\/en\/wp-json\/wp\/v2\/users\/1"}],"replies":[{"embeddable":true,"href":"https:\/\/www.epscon.mx\/en\/wp-json\/wp\/v2\/comments?post=287"}],"version-history":[{"count":35,"href":"https:\/\/www.epscon.mx\/en\/wp-json\/wp\/v2\/pages\/287\/revisions"}],"predecessor-version":[{"id":681,"href":"https:\/\/www.epscon.mx\/en\/wp-json\/wp\/v2\/pages\/287\/revisions\/681"}],"wp:attachment":[{"href":"https:\/\/www.epscon.mx\/en\/wp-json\/wp\/v2\/media?parent=287"}],"curies":[{"name":"wp","href":"https:\/\/api.w.org\/{rel}","templated":true}]}}